{"id":13423,"date":"2024-01-30T16:05:20","date_gmt":"2024-01-30T20:05:20","guid":{"rendered":"https:\/\/cie.uprrp.edu\/alcanza\/?page_id=13423"},"modified":"2024-02-07T12:09:20","modified_gmt":"2024-02-07T16:09:20","slug":"lecciones-que-no-se-olvidan","status":"publish","type":"page","link":"https:\/\/cie.uprrp.edu\/alcanza\/modulos-alcanza-indice\/modulo-15\/lecciones-que-no-se-olvidan\/","title":{"rendered":"Lecciones que no se olvidan"},"content":{"rendered":"<p><img loading=\"lazy\" decoding=\"async\" width=\"3840\" height=\"612\" src=\"https:\/\/cie.uprrp.edu\/alcanza\/wp-content\/uploads\/sites\/14\/2024\/01\/lecciones-banner.png\" alt=\"lecciones-banner\" \/>\t\t\t\t\t\t\t\t\t\t\t\t\t<\/p>\n<h1>Lecciones que no se olvidan<\/h1>\n<h2>Contribuyendo a construir la esperanza en la ni\u00f1ez y las familias<\/h2>\n<p><strong>Mar\u00eda de los \u00c1ngeles Agrinsoni-Malav\u00e9, Ph.D. &amp; <\/strong><br \/><strong>Wanda Figueroa-Fuentes, Ph.D.<\/strong><\/p>\n<p><img loading=\"lazy\" decoding=\"async\" src=\"https:\/\/cie.uprrp.edu\/alcanza\/wp-content\/uploads\/sites\/14\/2024\/01\/lecciones-f1-300x295.jpg\" alt=\"Dibujo que representa una figura paterna o materna con un infante en sus brazos\" width=\"300\" height=\"295\" \/>Seg\u00fan la literatura, los desastres, ya sean por causas naturales o humanas, tienen un efecto significativo en la salud y el bienestar emocional de la ni\u00f1ez (Madrid et al., 2009). Estos eventos catastr\u00f3ficos usualmente envuelven alg\u00fan tipo de lesi\u00f3n, p\u00e9rdida de vida o destrucci\u00f3n de la propiedad que ocasionan miedo, confusi\u00f3n e inseguridad. En los primeros a\u00f1os de vida de una persona, un evento como el Hurac\u00e1n Mar\u00eda (Puerto Rico, 20 de septiembre de 2017) puede tener consecuencias que laceran su desarrollo emocional y, como resultado, puede manifestar ansiedad, miedo, depresi\u00f3n emocional, inseguridad, cambios en el car\u00e1cter y la conducta.<\/p>\n<p>En el caso de las y los infantes, un desastre puede alterar su rutina \u2014como puede ser la hora de dormir y comer\u2014 o experimentar la ausencia de un ser querido. Como consecuencia, pueden regresar a etapas anteriores de su desarrollo, llorar y pedir abrazos con mayor frecuencia, expresar ira o experimentar gran ansiedad al separarse de sus familias o de quienes les cuidaban. Las y los preescolares pueden reaccionar expresando miedo, teniendo pesadillas, olvidando el uso del ba\u00f1o u orinarse en la ropa, sentirse in\u00fatiles, apegarse de forma m\u00e1s intensa a la gente adulta, y presentar episodios de ira y pataletas frecuentes.<\/p>\n<p>Las caracter\u00edsticas individuales, como la resiliencia y el temperamento, as\u00ed como el nivel de apoyo social son factores que juegan un rol importante en el manejo del miedo y la ansiedad frente a un desastre durante la ni\u00f1ez. Asimismo, las personas adultas cumplen un rol central en la ayuda y el apoyo que les puedan brindar en el proceso de sanar y recuperar su estabilidad emocional (Kassow, 2006).<\/p>\n<p>Es evidente que las personas adultas son el soporte y el apoyo de las ni\u00f1as y los ni\u00f1os, que dependen de sus familias y de quienes les cuidan para sentir seguridad y suplir sus necesidades. Por lo tanto, es importante que quienes est\u00e9n a su cargo entiendan las conductas que pueden presentar frente a una situaci\u00f3n de crisis; es crucial que sientan fortaleza, y sean capaces de fomentar su desarrollo emocional y su bienestar. De ah\u00ed la necesidad de capacitar a las educadoras y los educadores, al igual que a las familias, para que puedan ofrecer lo que la ni\u00f1ez necesita para sanar, desarrollar sentido de esperanza y resiliencia ante un evento de tal naturaleza.<\/p>\n<p>Entre las estrategias y actividades sugeridas que debe ofrecer tal capacitaci\u00f3n est\u00e1 el \u00e9nfasis en la comunicaci\u00f3n. Con esta, las personas adultas pueden afirmarles a las ni\u00f1as y ni\u00f1os que no todo est\u00e1 perdido, y que estamos aqu\u00ed para cuidarles y cuidarnos entre unos a otros. Buscar v\u00edas para dialogar y comunicar nuestros sentimientos es vital para la supervivencia y hacer ajustes en nuestras vidas. Asimismo, son acciones esenciales y reconfortantes abrazarles y mantener contacto cercano con ellas y ellos, restablecer rutinas, hablar de los sentimientos, darles tareas para que se sientan involucradas e involucrados en el proceso de recuperaci\u00f3n, minimizar la exposici\u00f3n a los medios de comunicaci\u00f3n sensacionalistas o las noticias impactantes, jugar con sus amistades, y considerar la escuela y la familia como una red de apoyo. Fomentar la comunicaci\u00f3n sobre lo sucedido por medio del di\u00e1logo y la narrativa (pict\u00f3rica, fotogr\u00e1fica y escrita) ayuda a que comprendan por qu\u00e9 suceden estos fen\u00f3menos y sus consecuencias, los planes que debemos tener para garantizar la seguridad y la forma en que recuperamos nuestras vidas.<\/p>\n<h3>Contexto hist\u00f3rico<\/h3>\n<p>En septiembre de 2017, Puerto Rico recibi\u00f3 el embate de los huracanes Irma y Mar\u00eda. El primero de ellos, Irma, se movi\u00f3 cerca de la costa nororiental durante el d\u00eda 6, causando da\u00f1os significativos a la parte este de la isla. Apenas dos semanas despu\u00e9s, el 20 de septiembre, a las 6:15 de la ma\u00f1ana, el hurac\u00e1n Mar\u00eda entraba con gran furia entre los pueblos de Yabucoa y Maunabo, con vientos sostenidos de 155 millas por hora (a tan solo 2 millas por hora de alcanzar la categor\u00eda 5, la m\u00e1xima en la escala Saffir-Simpson). El cicl\u00f3n dej\u00f3 un saldo de 2,975 muertes y da\u00f1os estimados en m\u00e1s de $90,000 millones de d\u00f3lares. Todo Puerto Rico qued\u00f3 sin servicio el\u00e9ctrico y de telecomunicaciones; el 60 por ciento de la poblaci\u00f3n, sin agua potable. Hubo necesidad de alimento, combustible, techo seguro, servicios de salud y educaci\u00f3n. Tal fue el impacto que se dice que, tras el hurac\u00e1n, la isla retrocedi\u00f3 40 a\u00f1os en el tiempo (El Nuevo D\u00eda, 2017). Ante estas necesidades, apremiaba el apoyo a las educadoras y los educadores que, a su vez, ofrec\u00edan soporte a las familias. Desde esta preocupaci\u00f3n, la Dra. Annette L\u00f3pez de M\u00e9ndez, entonces directora del Centro de Investigaciones Educativas (CIE) de la Facultad de Educaci\u00f3n de la Universidad de Puerto Rico, Recinto de R\u00edo Piedras, se dio a la tarea de comenzar un proyecto con el equipo de ALCANZA, destinado a ayudar al magisterio ante este momento hist\u00f3rico, que presentaba un gran desaf\u00edo.<\/p>\n<h3>La investigaci\u00f3n<\/h3>\n<p>Frente a la crisis humanitaria desatada tras el paso del Hurac\u00e1n Mar\u00eda, el Centro de Investigaciones Educativas decidi\u00f3 involucrarse y ofrecer apoyo al sector de servicio que atiende a la ni\u00f1ez temprana. Para comenzar, prepar\u00f3 un cuestionario tipo encuesta, que se distribuy\u00f3, a partir del 1 de diciembre de 2017, a todos los centros de cuido y preescolares a nivel de toda la isla. La intenci\u00f3n fue conocer y evidenciar el estado en que se encontraban los centros y los servicios que las educadoras y los educadores estaban prestando a la ni\u00f1ez y sus familias.<\/p>\n<p>Los hallazgos revelaron informaci\u00f3n de 169 centros distribuidos en 58 municipios. Las respuestas arrojaron que el 19 por ciento de los centros participantes correspond\u00edan al \u00e1rea de San Juan. Del total de los centros, 59 por ciento eran privados (con y sin fines de lucro). Mayormente, atend\u00edan preescolares y maternales; pocos, a infantes o nivel K-3 (el cuestionario no preguntaba, espec\u00edficamente, acerca de las cuidadoras o cuidadores que atend\u00edan a ni\u00f1os y ni\u00f1as en sus hogares). El 79 por ciento indic\u00f3 que, a la fecha de contestar la encuesta, operaba de manera regular o parcial. La mayor\u00eda (72%) hab\u00eda sufrido da\u00f1os estructurales o p\u00e9rdida de equipo, materiales educativos y de oficina.<\/p>\n<p>En t\u00e9rminos de la matr\u00edcula, 82 por ciento de los centros report\u00f3 haber experimentado una merma de entre tres y nueve estudiantes por centro debido a que las familias emigraron fuera de Puerto Rico. En cuanto a recursos humanos, informaron haber perdido entre 1 a 33 empleadas o empleados por centro, mayormente a consecuencia de la reducci\u00f3n de matr\u00edcula (40%) o por renuncia (34%), al ser personas que, igualmente, decidieron irse del pa\u00eds.<\/p>\n<p>Entre las mayores necesidades que los centros reportaron estuvieron: reparaciones a la estructura f\u00edsica (61%), falta de un generador de electricidad (56%), filtro de agua (35%), materiales y libros (38%), y mobiliario (33%). En cuanto a las necesidades relacionadas al desarrollo profesional, indicaron que les conven\u00eda recibir adiestramientos en el manejo de las emociones (82%), salud (40%), estrategias para fortalecer la comunicaci\u00f3n (40%) y la creatividad (36%).<\/p>\n<p>En lo relativo a las familias de los centros preescolares, consistentemente sus mayores reclamos fueron: la falta de los servicios de energ\u00eda el\u00e9ctrica (99%) y agua (53%), al igual que empleo (60%). A la fecha de la administraci\u00f3n de la encuesta, solo uno por ciento de los centros indic\u00f3 que hab\u00eda observado maltrato hacia la ni\u00f1ez, ya fuese negligencia o maltrato emocional (Di\u00e1logo, marzo de 2018).<\/p>\n<h3>Visi\u00f3n del ciclo de Talleres ALCANZA<\/h3>\n<p>Los hallazgos de la encuesta administrada durante los \u00faltimos meses de 2017 reforzaron la necesidad de que el CIE dirigiera su atenci\u00f3n a los asuntos relacionados con el desarrollo emocional y la comunicaci\u00f3n. Aunque sumergidos, a\u00fan, en un momento dif\u00edcil, todo el equipo de trabajo del Proyecto Alcanza acogi\u00f3 la idea con el \u00edmpetu contagioso de la Dra. Annette L\u00f3pez de M\u00e9ndez y su lema: \u201cAyudar a los educadores es ayudar al pa\u00eds.\u201d En entrevista con el peri\u00f3dico Di\u00e1logo (2018) la Dra. L\u00f3pez de M\u00e9ndez indic\u00f3: \u201cEntendimos que para poder ayudar a recuperar el pa\u00eds era importante tocar el tema de la resiliencia y utilizar a los maestros como l\u00edderes transformadores y capaces de devolverle la esperanza a los ni\u00f1os y sus familias\u201d. Fue por ello que el CIE se encamin\u00f3 a: \u201cayudar a los educadores a entender c\u00f3mo responder a una situaci\u00f3n de adversidad y fortalecer la resiliencia en la ni\u00f1ez\u201d.<\/p>\n<p>En poco tiempo, la Dra. L\u00f3pez de M\u00e9ndez, redact\u00f3 la propuesta ALCANZA: Construyendo la esperanza en la ni\u00f1ez y las familias despu\u00e9s del desastre del Hurac\u00e1n Mar\u00eda, que someti\u00f3 a la Fundaci\u00f3n \u00c1ngel Ramos (FAR) antes de que finalizara el a\u00f1o 2017. El texto de dicho documento ofrece una idea clara de su preocupaci\u00f3n por el pa\u00eds y c\u00f3mo ayudar despu\u00e9s del desastre de los huracanes Irma y Mar\u00eda:<\/p>\n<blockquote>\n<p>El prop\u00f3sito de esta propuesta consiste en proveer a los educadores de la ni\u00f1ez temprana una experiencia de desarrollo profesional que viabilice el desarrollo de conocimientos y actividades para apoyar a las familias en momentos de crisis. Se ofrecen 4 talleres, para un total de 17 horas contacto, a 160 educadores de ni\u00f1ez temprana. Los mismos ser\u00e1n ofrecidos en las facilidades de uno de los Recintos del Sistema Universitario UPR (Cayey o Humacao) de manera que al menos uno o varios centros de cada pueblo (Adjuntas, Aguas Buenas, Aibonito, Barranquitas, Cayey, Ciales, Jayuya, Orocovis, Patillas, San Lorenzo) dentro de la zona de desastre identificada por FEMA, que pod\u00edan ser beneficiados. (Formulario de propuesta especial para la Iniciativa Preescolar, enero \u2013 verano, 2018)<\/p>\n<\/blockquote>\n<p>La FAR no tard\u00f3 en aceptar la propuesta, y a inicios de 2018 comenz\u00f3 el reclutamiento de las educadoras y educadores que recibir\u00edan estos talleres especiales. Las personas seleccionadas proven\u00edan de los pueblos ubicados en la regi\u00f3n declarada como zona de desastre, definida seg\u00fan los criterios de la Agencia Federal para el Manejo de Emergencias (FEMA, por sus siglas en ingl\u00e9s). La invitaci\u00f3n se realiz\u00f3 de manera que los centros registraran su personal como equipos, compuestos por: directora o director, docentes, asistentes y, al menos, una o un representante de las familias (siempre que fuera posible). Los talleres transcurrir\u00edan en jornadas sabatinas durante el mes de febrero, impartidas desde las facilidades del Recinto de Cayey de la Universidad de Puerto Rico \u2014el m\u00e1s cercano a los pueblos ubicados en la zona de desastre\u2014, en el horario de ocho de la ma\u00f1ana a una de la tarde.<\/p>\n<p>El equipo a cargo de implementar las actividades estuvo compuesto por Annette L\u00f3pez de M\u00e9ndez, como directora; Zorivette Mel\u00e9ndez-Serrano, como ayudante administrativa; las profesoras de la Universidad de Puerto Rico Wanda Figueroa-Fuentes, Germie Corujo-Mart\u00ednez y Mar\u00eda de los \u00c1ngeles Agrinsoni-Malav\u00e9; el profesor Rafael Ortiz-L\u00f3pez; Am\u00edlcar L. Rivera-Marrero, como t\u00e9cnico audiovisual; Chamary Fuentes-Vergara, como evaluadora; tres monitoras, y dos estudiantes subgraduadas, que estar\u00edan encargadas del reclutamiento, la recopilaci\u00f3n y el registro de datos, el seguimiento y la coordinaci\u00f3n de las visitas de monitoreo. El proyecto dise\u00f1\u00f3 una serie de presentaciones para los talleres, adem\u00e1s de diversos materiales escritos. Estos \u00faltimos, espec\u00edficamente, constaban de folletos que resum\u00edan los temas principales para enriquecer los conocimientos impartidos durante los adiestramientos.<\/p>\n<p>Los temas desarrollados fueron:<\/p>\n<h4>Tabla 1<\/h4>\n<p>Temas y talleristas para las jornadas sobre resiliencia del Proyecto ALCANZA<\/p>\n<p>\t\t[supsystic-tables id=2]\n<p>En fin, los talleres giraron en torno a la importancia del desarrollo socioemocional y la resiliencia en los ni\u00f1os y ni\u00f1as preescolares como medida para fortalecer la confianza, la autoestima, el apego y los v\u00ednculos familiares hacia la escuela. Uno de ellos, adem\u00e1s, modelaba estrategias de ense\u00f1anza basadas en la construcci\u00f3n de narrativas (orales, pict\u00f3ricas, fotogr\u00e1ficas y escritas) que promovieran la expresi\u00f3n de los sentimientos para reconfortar a la ni\u00f1ez despu\u00e9s de un desastre. En t\u00e9rminos generales, las metas consist\u00edan en aumentar los conocimientos de las personas participantes en torno a los efectos que pueden tener los desastres naturales en las vidas de los ni\u00f1os y ni\u00f1as de edad temprana; as\u00ed como enfocar la familia como eje central en el proceso de cambio y apoyo, y como colaboradora con la escuela y la comunidad para fomentar el bienestar de la ni\u00f1ez. La Dra. M\u00e9ndez recalcaba:<\/p>\n<blockquote>\n<p>Para impactar a la ni\u00f1ez debemos primeramente fortalecer a los adultos a cargo. Son los adultos los que primero deben conocer, desarrollar las destrezas y actitudes necesarias relacionadas al concepto de la resiliencia, para luego poder ayudar a los ni\u00f1os. En el caso de nuestros talleres, partimos de la premisa de que los educadores compartir\u00e1n con las familias las estrategias aprendidas, haciendo claro que los padres y las madres o cuidadores de la ni\u00f1ez sirven de modelo positivo para ellos. (Di\u00e1logo, 2018)<\/p>\n<\/blockquote>\n<p>Finalmente, la persona a cargo de la evaluaci\u00f3n y el equipo de talleristas dise\u00f1aron el instrumento de visita de monitoreo, al igual que las pruebas de conocimiento, destrezas y actitudes. La primera se encarg\u00f3 de realizar el an\u00e1lisis de los datos de la preprueba y posprueba, as\u00ed como de los procesos de an\u00e1lisis de las visitas de monitoreo. Estas \u00faltimas ten\u00edan el objetivo de observar c\u00f3mo las personas implementaban los conocimientos adquiridos durante los talleres en sus lugares de trabajo, determinar sus necesidades y ayudarles a auscultar posibles recursos en sus comunidades. Las monitoras realizaron tres visitas de dos horas a cada centro asignado.<\/p>\n<h3>ALCANZA y Puerto Rico a nivel internacional<\/h3>\n<p>Luego de culminado el ciclo de talleres de ALCANZA, la Dra. Annette L\u00f3pez de M\u00e9ndez someti\u00f3 un resumen con la intenci\u00f3n de presentar una ponencia en la Convenci\u00f3n Anual de la National Association for the Education of Young Children (NAEYC). El evento se celebrar\u00eda del 14 al 17 de noviembre de 2018, en el Washington Convention Center, ubicado en Washington, D.C. Su deseo era compartir las historias de las educadoras, las familias y la ni\u00f1ez en Puerto Rico tras el paso de los huracanes Irma y Mar\u00eda. La acompa\u00f1ar\u00edan las colegas Germie Corujo-Mart\u00ednez, Wanda Figueroa-Fuentes y Mar\u00eda de los \u00c1ngeles Agrinsoni-Malav\u00e9 (esta \u00faltima de manera virtual), como parte del equipo de ALCANZA, y la Dra. Wanda Pacheco-Bou, como representante de la Fundaci\u00f3n \u00c1ngel Ramos. La presentaci\u00f3n, titulada \u201cVino el viento y se fue la luz: Experiencias para desarrollar la resiliencia en la ni\u00f1ez temprana\u201d, tuvo lugar el s\u00e1bado 17 de noviembre.<\/p>\n<p>El jueves, 15 de noviembre de 2018, durante la mencionada convenci\u00f3n, el grupo de inter\u00e9s de Diversidad y Educaci\u00f3n para la Paz de la NAEYC otorg\u00f3 a la Dra. Annette L\u00f3pez de M\u00e9ndez un reconocimiento por la labor realizada en Puerto Rico a favor de la ni\u00f1ez temprana. Su misma trayectoria de vida es un ejemplo de resiliencia para todos. Su valent\u00eda para defender los valores que acogen la justicia, el respeto, el compromiso y el amor por la ni\u00f1ez, las familias, las educadoras y los educadores permea en cada centro que ha participado de los talleres ALCANZA. Por eso y m\u00e1s, le estaremos profundamente agradecidas y agradecidos.<\/p>\n<h3>Referencias<\/h3>\n<p>Di\u00e1logo. (2018, enero 15). Centros preescolares batallan para reponerse luego del hurac\u00e1n. <a href=\"https:\/\/www.uprrp.edu\/2018\/03\/proyecto-alcanza-fomenta-la-resilien-cia-para-subsanar-situaciones-emocionales-luego-de-los-huracanes\/\">https:\/\/www.uprrp.edu\/2018\/03\/proyecto-alcanza-fomenta-la-resilien-cia-para-subsanar-situaciones-emocionales-luego-de-los-huracanes\/<\/a><\/p>\n<p>Kassow, D. Z. (2006). <em>Children and disasters: What you need to know<\/em>. Parenting Counts, Talaris Institute. <a href=\"https:\/\/www.parentingcounts.org\/development\/children-and-disasters-what-you-need-to-know\/\">https:\/\/www.parentingcounts.org\/development\/children-and-disasters-what-you-need-to-know\/<\/a><\/p>\n<p>Figueroa Fuentes, W. (2022). Material sin publicar como parte del curso EDPR 4137.<\/p>\n<p>Madrid, P. A., Grant, R., Reilly, M. J., &amp; Redlener, N. B. (2006). Short-term impact of a major disaster on children\u2019s mental health: Building resiliency in the aftermath of Hurricane Katrina. <em>Pediatrics, 117<\/em>, S448-S453.<\/p>\n<p>El Nuevo D\u00eda. (2017). Mar\u00eda, un nombre que no vamos a olvidar. (Cobertura especial). <a href=\"https:\/\/huracanmaria.elnuevodia.com\/2017\/\">https:\/\/huracanmaria.elnuevodia.com\/2017\/<\/a><\/p>\n","protected":false},"excerpt":{"rendered":"<p>Lecciones que no se olvidan Contribuyendo a construir la esperanza en la ni\u00f1ez y las familias Mar\u00eda de los \u00c1ngeles Agrinsoni-Malav\u00e9, Ph.D. &amp; Wanda Figueroa-Fuentes, Ph.D. Seg\u00fan la literatura, los desastres, ya sean por causas naturales o humanas, tienen un &hellip; <\/p>\n","protected":false},"author":1006,"featured_media":0,"parent":13383,"menu_order":3,"comment_status":"closed","ping_status":"closed","template":"","meta":{"footnotes":""},"class_list":["post-13423","page","type-page","status-publish","hentry"],"yoast_head":"<!-- This site is optimized with the Yoast SEO plugin v27.3 - https:\/\/yoast.com\/product\/yoast-seo-wordpress\/ -->\n<title>Lecciones que no se olvidan - Proyecto ALCANZA<\/title>\n<meta name=\"robots\" content=\"noindex, follow, max-snippet:-1, max-image-preview:large, max-video-preview:-1\" \/>\n<meta property=\"og:locale\" content=\"en_US\" \/>\n<meta property=\"og:type\" content=\"article\" \/>\n<meta property=\"og:title\" content=\"Lecciones que no se olvidan - Proyecto ALCANZA\" \/>\n<meta property=\"og:description\" content=\"Lecciones que no se olvidan Contribuyendo a construir la esperanza en la ni\u00f1ez y las familias Mar\u00eda de los \u00c1ngeles Agrinsoni-Malav\u00e9, Ph.D. &amp; Wanda Figueroa-Fuentes, Ph.D. Seg\u00fan la literatura, los desastres, ya sean por causas naturales o humanas, tienen un &hellip;\" \/>\n<meta property=\"og:url\" content=\"https:\/\/cie.uprrp.edu\/alcanza\/modulo-15\/lecciones-que-no-se-olvidan\/\" \/>\n<meta property=\"og:site_name\" content=\"Proyecto ALCANZA\" \/>\n<meta property=\"article:modified_time\" content=\"2024-02-07T16:09:20+00:00\" \/>\n<meta property=\"og:image\" content=\"https:\/\/cie.uprrp.edu\/alcanza\/wp-content\/uploads\/sites\/14\/2024\/01\/lecciones-banner.png\" \/>\n<meta name=\"twitter:card\" content=\"summary_large_image\" \/>\n<meta name=\"twitter:label1\" content=\"Est. reading time\" \/>\n\t<meta name=\"twitter:data1\" content=\"11 minutes\" \/>\n<script type=\"application\/ld+json\" class=\"yoast-schema-graph\">{\"@context\":\"https:\\\/\\\/schema.org\",\"@graph\":[{\"@type\":\"WebPage\",\"@id\":\"https:\\\/\\\/cie.uprrp.edu\\\/alcanza\\\/modulo-15\\\/lecciones-que-no-se-olvidan\\\/\",\"url\":\"https:\\\/\\\/cie.uprrp.edu\\\/alcanza\\\/modulo-15\\\/lecciones-que-no-se-olvidan\\\/\",\"name\":\"Lecciones que no se olvidan - Proyecto ALCANZA\",\"isPartOf\":{\"@id\":\"https:\\\/\\\/cie.uprrp.edu\\\/alcanza\\\/#website\"},\"primaryImageOfPage\":{\"@id\":\"https:\\\/\\\/cie.uprrp.edu\\\/alcanza\\\/modulo-15\\\/lecciones-que-no-se-olvidan\\\/#primaryimage\"},\"image\":{\"@id\":\"https:\\\/\\\/cie.uprrp.edu\\\/alcanza\\\/modulo-15\\\/lecciones-que-no-se-olvidan\\\/#primaryimage\"},\"thumbnailUrl\":\"https:\\\/\\\/cie.uprrp.edu\\\/alcanza\\\/wp-content\\\/uploads\\\/sites\\\/14\\\/2024\\\/01\\\/lecciones-banner.png\",\"datePublished\":\"2024-01-30T20:05:20+00:00\",\"dateModified\":\"2024-02-07T16:09:20+00:00\",\"breadcrumb\":{\"@id\":\"https:\\\/\\\/cie.uprrp.edu\\\/alcanza\\\/modulo-15\\\/lecciones-que-no-se-olvidan\\\/#breadcrumb\"},\"inLanguage\":\"en-US\",\"potentialAction\":[{\"@type\":\"ReadAction\",\"target\":[\"https:\\\/\\\/cie.uprrp.edu\\\/alcanza\\\/modulo-15\\\/lecciones-que-no-se-olvidan\\\/\"]}]},{\"@type\":\"ImageObject\",\"inLanguage\":\"en-US\",\"@id\":\"https:\\\/\\\/cie.uprrp.edu\\\/alcanza\\\/modulo-15\\\/lecciones-que-no-se-olvidan\\\/#primaryimage\",\"url\":\"https:\\\/\\\/cie.uprrp.edu\\\/alcanza\\\/wp-content\\\/uploads\\\/sites\\\/14\\\/2024\\\/01\\\/lecciones-banner.png\",\"contentUrl\":\"https:\\\/\\\/cie.uprrp.edu\\\/alcanza\\\/wp-content\\\/uploads\\\/sites\\\/14\\\/2024\\\/01\\\/lecciones-banner.png\",\"width\":3840,\"height\":612,\"caption\":\"lecciones-banner\"},{\"@type\":\"BreadcrumbList\",\"@id\":\"https:\\\/\\\/cie.uprrp.edu\\\/alcanza\\\/modulo-15\\\/lecciones-que-no-se-olvidan\\\/#breadcrumb\",\"itemListElement\":[{\"@type\":\"ListItem\",\"position\":1,\"name\":\"Home\",\"item\":\"https:\\\/\\\/cie.uprrp.edu\\\/alcanza\\\/\"},{\"@type\":\"ListItem\",\"position\":2,\"name\":\"M\u00f3dulo 15\",\"item\":\"https:\\\/\\\/cie.uprrp.edu\\\/alcanza\\\/\"},{\"@type\":\"ListItem\",\"position\":3,\"name\":\"Lecciones que no se olvidan\"}]},{\"@type\":\"WebSite\",\"@id\":\"https:\\\/\\\/cie.uprrp.edu\\\/alcanza\\\/#website\",\"url\":\"https:\\\/\\\/cie.uprrp.edu\\\/alcanza\\\/\",\"name\":\"Proyecto ALCANZA\",\"description\":\"Education WordPress Theme\",\"potentialAction\":[{\"@type\":\"SearchAction\",\"target\":{\"@type\":\"EntryPoint\",\"urlTemplate\":\"https:\\\/\\\/cie.uprrp.edu\\\/alcanza\\\/?s={search_term_string}\"},\"query-input\":{\"@type\":\"PropertyValueSpecification\",\"valueRequired\":true,\"valueName\":\"search_term_string\"}}],\"inLanguage\":\"en-US\"}]}<\/script>\n<!-- \/ Yoast SEO plugin. -->","yoast_head_json":{"title":"Lecciones que no se olvidan - Proyecto ALCANZA","robots":{"index":"noindex","follow":"follow","max-snippet":"max-snippet:-1","max-image-preview":"max-image-preview:large","max-video-preview":"max-video-preview:-1"},"og_locale":"en_US","og_type":"article","og_title":"Lecciones que no se olvidan - Proyecto ALCANZA","og_description":"Lecciones que no se olvidan Contribuyendo a construir la esperanza en la ni\u00f1ez y las familias Mar\u00eda de los \u00c1ngeles Agrinsoni-Malav\u00e9, Ph.D. &amp; Wanda Figueroa-Fuentes, Ph.D. Seg\u00fan la literatura, los desastres, ya sean por causas naturales o humanas, tienen un &hellip;","og_url":"https:\/\/cie.uprrp.edu\/alcanza\/modulo-15\/lecciones-que-no-se-olvidan\/","og_site_name":"Proyecto ALCANZA","article_modified_time":"2024-02-07T16:09:20+00:00","og_image":[{"url":"https:\/\/cie.uprrp.edu\/alcanza\/wp-content\/uploads\/sites\/14\/2024\/01\/lecciones-banner.png","type":"","width":"","height":""}],"twitter_card":"summary_large_image","twitter_misc":{"Est. reading time":"11 minutes"},"schema":{"@context":"https:\/\/schema.org","@graph":[{"@type":"WebPage","@id":"https:\/\/cie.uprrp.edu\/alcanza\/modulo-15\/lecciones-que-no-se-olvidan\/","url":"https:\/\/cie.uprrp.edu\/alcanza\/modulo-15\/lecciones-que-no-se-olvidan\/","name":"Lecciones que no se olvidan - Proyecto ALCANZA","isPartOf":{"@id":"https:\/\/cie.uprrp.edu\/alcanza\/#website"},"primaryImageOfPage":{"@id":"https:\/\/cie.uprrp.edu\/alcanza\/modulo-15\/lecciones-que-no-se-olvidan\/#primaryimage"},"image":{"@id":"https:\/\/cie.uprrp.edu\/alcanza\/modulo-15\/lecciones-que-no-se-olvidan\/#primaryimage"},"thumbnailUrl":"https:\/\/cie.uprrp.edu\/alcanza\/wp-content\/uploads\/sites\/14\/2024\/01\/lecciones-banner.png","datePublished":"2024-01-30T20:05:20+00:00","dateModified":"2024-02-07T16:09:20+00:00","breadcrumb":{"@id":"https:\/\/cie.uprrp.edu\/alcanza\/modulo-15\/lecciones-que-no-se-olvidan\/#breadcrumb"},"inLanguage":"en-US","potentialAction":[{"@type":"ReadAction","target":["https:\/\/cie.uprrp.edu\/alcanza\/modulo-15\/lecciones-que-no-se-olvidan\/"]}]},{"@type":"ImageObject","inLanguage":"en-US","@id":"https:\/\/cie.uprrp.edu\/alcanza\/modulo-15\/lecciones-que-no-se-olvidan\/#primaryimage","url":"https:\/\/cie.uprrp.edu\/alcanza\/wp-content\/uploads\/sites\/14\/2024\/01\/lecciones-banner.png","contentUrl":"https:\/\/cie.uprrp.edu\/alcanza\/wp-content\/uploads\/sites\/14\/2024\/01\/lecciones-banner.png","width":3840,"height":612,"caption":"lecciones-banner"},{"@type":"BreadcrumbList","@id":"https:\/\/cie.uprrp.edu\/alcanza\/modulo-15\/lecciones-que-no-se-olvidan\/#breadcrumb","itemListElement":[{"@type":"ListItem","position":1,"name":"Home","item":"https:\/\/cie.uprrp.edu\/alcanza\/"},{"@type":"ListItem","position":2,"name":"M\u00f3dulo 15","item":"https:\/\/cie.uprrp.edu\/alcanza\/"},{"@type":"ListItem","position":3,"name":"Lecciones que no se olvidan"}]},{"@type":"WebSite","@id":"https:\/\/cie.uprrp.edu\/alcanza\/#website","url":"https:\/\/cie.uprrp.edu\/alcanza\/","name":"Proyecto ALCANZA","description":"Education WordPress Theme","potentialAction":[{"@type":"SearchAction","target":{"@type":"EntryPoint","urlTemplate":"https:\/\/cie.uprrp.edu\/alcanza\/?s={search_term_string}"},"query-input":{"@type":"PropertyValueSpecification","valueRequired":true,"valueName":"search_term_string"}}],"inLanguage":"en-US"}]}},"_links":{"self":[{"href":"https:\/\/cie.uprrp.edu\/alcanza\/wp-json\/wp\/v2\/pages\/13423","targetHints":{"allow":["GET"]}}],"collection":[{"href":"https:\/\/cie.uprrp.edu\/alcanza\/wp-json\/wp\/v2\/pages"}],"about":[{"href":"https:\/\/cie.uprrp.edu\/alcanza\/wp-json\/wp\/v2\/types\/page"}],"author":[{"embeddable":true,"href":"https:\/\/cie.uprrp.edu\/alcanza\/wp-json\/wp\/v2\/users\/1006"}],"replies":[{"embeddable":true,"href":"https:\/\/cie.uprrp.edu\/alcanza\/wp-json\/wp\/v2\/comments?post=13423"}],"version-history":[{"count":35,"href":"https:\/\/cie.uprrp.edu\/alcanza\/wp-json\/wp\/v2\/pages\/13423\/revisions"}],"predecessor-version":[{"id":13634,"href":"https:\/\/cie.uprrp.edu\/alcanza\/wp-json\/wp\/v2\/pages\/13423\/revisions\/13634"}],"up":[{"embeddable":true,"href":"https:\/\/cie.uprrp.edu\/alcanza\/wp-json\/wp\/v2\/pages\/13383"}],"wp:attachment":[{"href":"https:\/\/cie.uprrp.edu\/alcanza\/wp-json\/wp\/v2\/media?parent=13423"}],"curies":[{"name":"wp","href":"https:\/\/api.w.org\/{rel}","templated":true}]}}