{"id":23,"date":"2025-10-03T10:22:17","date_gmt":"2025-10-03T14:22:17","guid":{"rendered":"https:\/\/cie.uprrp.edu\/congresoeducacion\/?page_id=23"},"modified":"2025-10-03T12:17:38","modified_gmt":"2025-10-03T16:17:38","slug":"afiche-xvi-cpie-descripcion-simbolica-del-dibujo","status":"publish","type":"page","link":"https:\/\/cie.uprrp.edu\/congresoeducacion\/afiche-xvi-cpie-descripcion-simbolica-del-dibujo\/","title":{"rendered":"Afiche XVI CPIE &#8211; Descripci\u00f3n simb\u00f3lica del dibujo"},"content":{"rendered":"<div class=\"wp-block-image\">\n<figure class=\"aligncenter\"><a href=\"https:\/\/cie.uprrp.edu\/congresoeducacion\/wp-content\/uploads\/sites\/18\/2025\/10\/16congreso_trans.png\"><img loading=\"lazy\" decoding=\"async\" width=\"1389\" height=\"1025\" src=\"https:\/\/cie.uprrp.edu\/congresoeducacion\/wp-content\/uploads\/sites\/18\/2025\/10\/16congreso_trans.png\" alt=\"Dibujo central del afiche del XVI Congreso Puertorrique\u00f1o de Investigaci\u00f3n en la Educaci\u00f3n\" class=\"wp-image-24\" srcset=\"https:\/\/cie.uprrp.edu\/congresoeducacion\/wp-content\/uploads\/sites\/18\/2025\/10\/16congreso_trans.png 1389w, https:\/\/cie.uprrp.edu\/congresoeducacion\/wp-content\/uploads\/sites\/18\/2025\/10\/16congreso_trans-300x221.png 300w, https:\/\/cie.uprrp.edu\/congresoeducacion\/wp-content\/uploads\/sites\/18\/2025\/10\/16congreso_trans-1024x756.png 1024w, https:\/\/cie.uprrp.edu\/congresoeducacion\/wp-content\/uploads\/sites\/18\/2025\/10\/16congreso_trans-768x567.png 768w\" sizes=\"auto, (max-width: 1389px) 100vw, 1389px\" \/><\/a><\/figure>\n<\/div>\n\n\n<h1 class=\"wp-block-heading\">Descripci\u00f3n simb\u00f3lica del arte<\/h1>\n\n\n\n<p>Esta obra representa el flujo din\u00e1mico del conocimiento, la identidad y la exploraci\u00f3n universal. Las cintas multicolores, que trazan la silueta de una letra \u201c<strong>E<\/strong>\u201d en cursiva, evocan el movimiento continuo de la educaci\u00f3n: un proceso en espiral, en evoluci\u00f3n constante, donde cada trazo conecta ideas, culturas y generaciones. La \u201cE\u201d cursiva no solo simboliza la Educaci\u00f3n, sino tambi\u00e9n la Energ\u00eda, la Expresi\u00f3n y el Esfuerzo colectivo que define la misi\u00f3n universitaria.<\/p>\n\n\n\n<ul class=\"wp-block-list\">\n<li>El <strong>ojo<\/strong> representa la conciencia cr\u00edtica, la observaci\u00f3n profunda y la mirada hacia el futuro: una invitaci\u00f3n a ver m\u00e1s all\u00e1 de lo evidente.<\/li>\n\n\n\n<li>La <strong>Torre<\/strong>, \u00edcono de la Universidad de Puerto Rico, ancla la imagen en el tiempo y el espacio, recordando la misi\u00f3n hist\u00f3rica y educativa de la instituci\u00f3n como faro del saber.<\/li>\n\n\n\n<li>El planeta <strong>Tierra<\/strong> refleja el compromiso con el conocimiento global, la responsabilidad ambiental y la conexi\u00f3n entre pueblos.<\/li>\n\n\n\n<li>La <strong>espiral<\/strong> gal\u00e1ctica simboliza la expansi\u00f3n infinita del pensamiento, la ciencia y el misterio del universo, record\u00e1ndonos que el aprendizaje no tiene fronteras.<\/li>\n\n\n\n<li>La <strong>bandera de Puerto Rico<\/strong>, integrada sutilmente, reafirma el orgullo nacional y el compromiso con la educaci\u00f3n como herramienta de transformaci\u00f3n social en el archipi\u00e9lago boricua.<\/li>\n<\/ul>\n\n\n\n<p>Este dibujo sintetiza la esencia de la Universidad de Puerto Rico como un espacio de encuentro entre la cultura, el conocimiento y la visi\u00f3n hacia un futuro m\u00e1s justo, consciente y conectado, todo impulsado por la fuerza de la letra \u201cE\u201d: la educaci\u00f3n en movimiento.<\/p>\n\n\n\n<p><em>\u00c1ngel D\u00edaz Cabrera<\/em><br>Artista<\/p>\n","protected":false},"excerpt":{"rendered":"<p>Descripci\u00f3n simb\u00f3lica del arte Esta obra representa el flujo din\u00e1mico del conocimiento, la identidad y la exploraci\u00f3n universal. Las cintas multicolores, que trazan la silueta de una letra \u201cE\u201d en cursiva, evocan el movimiento continuo de la educaci\u00f3n: un proceso en espiral, en evoluci\u00f3n constante, donde cada trazo conecta ideas, &hellip; <\/p>\n","protected":false},"author":1006,"featured_media":0,"parent":0,"menu_order":0,"comment_status":"closed","ping_status":"closed","template":"","meta":{"footnotes":""},"class_list":["post-23","page","type-page","status-publish","hentry"],"yoast_head":"<!-- This site is optimized with the Yoast SEO plugin v27.3 - https:\/\/yoast.com\/product\/yoast-seo-wordpress\/ -->\n<title>Afiche XVI CPIE - Descripci\u00f3n simb\u00f3lica del dibujo - Congreso Puertorrique\u00f1o de Investigaci\u00f3n en Educaci\u00f3n<\/title>\n<meta name=\"robots\" content=\"index, follow, max-snippet:-1, max-image-preview:large, max-video-preview:-1\" \/>\n<link rel=\"canonical\" href=\"https:\/\/cie.uprrp.edu\/congresoeducacion\/afiche-xvi-cpie-descripcion-simbolica-del-dibujo\/\" \/>\n<meta property=\"og:locale\" content=\"en_US\" \/>\n<meta property=\"og:type\" content=\"article\" \/>\n<meta property=\"og:title\" content=\"Afiche XVI CPIE - Descripci\u00f3n simb\u00f3lica del dibujo - Congreso Puertorrique\u00f1o de Investigaci\u00f3n en Educaci\u00f3n\" \/>\n<meta property=\"og:description\" content=\"Descripci\u00f3n simb\u00f3lica del arte Esta obra representa el flujo din\u00e1mico del conocimiento, la identidad y la exploraci\u00f3n universal. Las cintas multicolores, que trazan la silueta de una letra \u201cE\u201d en cursiva, evocan el movimiento continuo de la educaci\u00f3n: un proceso en espiral, en evoluci\u00f3n constante, donde cada trazo conecta ideas, &hellip;\" \/>\n<meta property=\"og:url\" content=\"https:\/\/cie.uprrp.edu\/congresoeducacion\/afiche-xvi-cpie-descripcion-simbolica-del-dibujo\/\" \/>\n<meta property=\"og:site_name\" content=\"Congreso Puertorrique\u00f1o de Investigaci\u00f3n en Educaci\u00f3n\" \/>\n<meta property=\"article:modified_time\" content=\"2025-10-03T16:17:38+00:00\" \/>\n<meta property=\"og:image\" content=\"https:\/\/cie.uprrp.edu\/congresoeducacion\/wp-content\/uploads\/sites\/18\/2025\/10\/16congreso_trans.png\" \/>\n\t<meta property=\"og:image:width\" content=\"1389\" \/>\n\t<meta property=\"og:image:height\" content=\"1025\" \/>\n\t<meta property=\"og:image:type\" content=\"image\/png\" \/>\n<meta name=\"twitter:card\" content=\"summary_large_image\" \/>\n<meta name=\"twitter:label1\" content=\"Est. reading time\" \/>\n\t<meta name=\"twitter:data1\" content=\"2 minutes\" \/>\n<script type=\"application\/ld+json\" class=\"yoast-schema-graph\">{\"@context\":\"https:\\\/\\\/schema.org\",\"@graph\":[{\"@type\":\"WebPage\",\"@id\":\"https:\\\/\\\/cie.uprrp.edu\\\/congresoeducacion\\\/afiche-xvi-cpie-descripcion-simbolica-del-dibujo\\\/\",\"url\":\"https:\\\/\\\/cie.uprrp.edu\\\/congresoeducacion\\\/afiche-xvi-cpie-descripcion-simbolica-del-dibujo\\\/\",\"name\":\"Afiche XVI CPIE - Descripci\u00f3n simb\u00f3lica del dibujo - Congreso Puertorrique\u00f1o de Investigaci\u00f3n en Educaci\u00f3n\",\"isPartOf\":{\"@id\":\"https:\\\/\\\/cie.uprrp.edu\\\/congresoeducacion\\\/#website\"},\"primaryImageOfPage\":{\"@id\":\"https:\\\/\\\/cie.uprrp.edu\\\/congresoeducacion\\\/afiche-xvi-cpie-descripcion-simbolica-del-dibujo\\\/#primaryimage\"},\"image\":{\"@id\":\"https:\\\/\\\/cie.uprrp.edu\\\/congresoeducacion\\\/afiche-xvi-cpie-descripcion-simbolica-del-dibujo\\\/#primaryimage\"},\"thumbnailUrl\":\"https:\\\/\\\/cie.uprrp.edu\\\/congresoeducacion\\\/wp-content\\\/uploads\\\/sites\\\/18\\\/2025\\\/10\\\/16congreso_trans.png\",\"datePublished\":\"2025-10-03T14:22:17+00:00\",\"dateModified\":\"2025-10-03T16:17:38+00:00\",\"breadcrumb\":{\"@id\":\"https:\\\/\\\/cie.uprrp.edu\\\/congresoeducacion\\\/afiche-xvi-cpie-descripcion-simbolica-del-dibujo\\\/#breadcrumb\"},\"inLanguage\":\"en-US\",\"potentialAction\":[{\"@type\":\"ReadAction\",\"target\":[\"https:\\\/\\\/cie.uprrp.edu\\\/congresoeducacion\\\/afiche-xvi-cpie-descripcion-simbolica-del-dibujo\\\/\"]}]},{\"@type\":\"ImageObject\",\"inLanguage\":\"en-US\",\"@id\":\"https:\\\/\\\/cie.uprrp.edu\\\/congresoeducacion\\\/afiche-xvi-cpie-descripcion-simbolica-del-dibujo\\\/#primaryimage\",\"url\":\"https:\\\/\\\/cie.uprrp.edu\\\/congresoeducacion\\\/wp-content\\\/uploads\\\/sites\\\/18\\\/2025\\\/10\\\/16congreso_trans.png\",\"contentUrl\":\"https:\\\/\\\/cie.uprrp.edu\\\/congresoeducacion\\\/wp-content\\\/uploads\\\/sites\\\/18\\\/2025\\\/10\\\/16congreso_trans.png\"},{\"@type\":\"BreadcrumbList\",\"@id\":\"https:\\\/\\\/cie.uprrp.edu\\\/congresoeducacion\\\/afiche-xvi-cpie-descripcion-simbolica-del-dibujo\\\/#breadcrumb\",\"itemListElement\":[{\"@type\":\"ListItem\",\"position\":1,\"name\":\"Home\",\"item\":\"https:\\\/\\\/cie.uprrp.edu\\\/congresoeducacion\\\/\"},{\"@type\":\"ListItem\",\"position\":2,\"name\":\"Afiche XVI CPIE &#8211; Descripci\u00f3n simb\u00f3lica del dibujo\"}]},{\"@type\":\"WebSite\",\"@id\":\"https:\\\/\\\/cie.uprrp.edu\\\/congresoeducacion\\\/#website\",\"url\":\"https:\\\/\\\/cie.uprrp.edu\\\/congresoeducacion\\\/\",\"name\":\"Congreso Puertorrique\u00f1o de Investigaci\u00f3n en Educaci\u00f3n\",\"description\":\"Centro de Investigaciones Educativas\",\"potentialAction\":[{\"@type\":\"SearchAction\",\"target\":{\"@type\":\"EntryPoint\",\"urlTemplate\":\"https:\\\/\\\/cie.uprrp.edu\\\/congresoeducacion\\\/?s={search_term_string}\"},\"query-input\":{\"@type\":\"PropertyValueSpecification\",\"valueRequired\":true,\"valueName\":\"search_term_string\"}}],\"inLanguage\":\"en-US\"}]}<\/script>\n<!-- \/ Yoast SEO plugin. -->","yoast_head_json":{"title":"Afiche XVI CPIE - Descripci\u00f3n simb\u00f3lica del dibujo - Congreso Puertorrique\u00f1o de Investigaci\u00f3n en Educaci\u00f3n","robots":{"index":"index","follow":"follow","max-snippet":"max-snippet:-1","max-image-preview":"max-image-preview:large","max-video-preview":"max-video-preview:-1"},"canonical":"https:\/\/cie.uprrp.edu\/congresoeducacion\/afiche-xvi-cpie-descripcion-simbolica-del-dibujo\/","og_locale":"en_US","og_type":"article","og_title":"Afiche XVI CPIE - Descripci\u00f3n simb\u00f3lica del dibujo - Congreso Puertorrique\u00f1o de Investigaci\u00f3n en Educaci\u00f3n","og_description":"Descripci\u00f3n simb\u00f3lica del arte Esta obra representa el flujo din\u00e1mico del conocimiento, la identidad y la exploraci\u00f3n universal. Las cintas multicolores, que trazan la silueta de una letra \u201cE\u201d en cursiva, evocan el movimiento continuo de la educaci\u00f3n: un proceso en espiral, en evoluci\u00f3n constante, donde cada trazo conecta ideas, &hellip;","og_url":"https:\/\/cie.uprrp.edu\/congresoeducacion\/afiche-xvi-cpie-descripcion-simbolica-del-dibujo\/","og_site_name":"Congreso Puertorrique\u00f1o de Investigaci\u00f3n en Educaci\u00f3n","article_modified_time":"2025-10-03T16:17:38+00:00","og_image":[{"width":1389,"height":1025,"url":"https:\/\/cie.uprrp.edu\/congresoeducacion\/wp-content\/uploads\/sites\/18\/2025\/10\/16congreso_trans.png","type":"image\/png"}],"twitter_card":"summary_large_image","twitter_misc":{"Est. reading time":"2 minutes"},"schema":{"@context":"https:\/\/schema.org","@graph":[{"@type":"WebPage","@id":"https:\/\/cie.uprrp.edu\/congresoeducacion\/afiche-xvi-cpie-descripcion-simbolica-del-dibujo\/","url":"https:\/\/cie.uprrp.edu\/congresoeducacion\/afiche-xvi-cpie-descripcion-simbolica-del-dibujo\/","name":"Afiche XVI CPIE - Descripci\u00f3n simb\u00f3lica del dibujo - Congreso Puertorrique\u00f1o de Investigaci\u00f3n en Educaci\u00f3n","isPartOf":{"@id":"https:\/\/cie.uprrp.edu\/congresoeducacion\/#website"},"primaryImageOfPage":{"@id":"https:\/\/cie.uprrp.edu\/congresoeducacion\/afiche-xvi-cpie-descripcion-simbolica-del-dibujo\/#primaryimage"},"image":{"@id":"https:\/\/cie.uprrp.edu\/congresoeducacion\/afiche-xvi-cpie-descripcion-simbolica-del-dibujo\/#primaryimage"},"thumbnailUrl":"https:\/\/cie.uprrp.edu\/congresoeducacion\/wp-content\/uploads\/sites\/18\/2025\/10\/16congreso_trans.png","datePublished":"2025-10-03T14:22:17+00:00","dateModified":"2025-10-03T16:17:38+00:00","breadcrumb":{"@id":"https:\/\/cie.uprrp.edu\/congresoeducacion\/afiche-xvi-cpie-descripcion-simbolica-del-dibujo\/#breadcrumb"},"inLanguage":"en-US","potentialAction":[{"@type":"ReadAction","target":["https:\/\/cie.uprrp.edu\/congresoeducacion\/afiche-xvi-cpie-descripcion-simbolica-del-dibujo\/"]}]},{"@type":"ImageObject","inLanguage":"en-US","@id":"https:\/\/cie.uprrp.edu\/congresoeducacion\/afiche-xvi-cpie-descripcion-simbolica-del-dibujo\/#primaryimage","url":"https:\/\/cie.uprrp.edu\/congresoeducacion\/wp-content\/uploads\/sites\/18\/2025\/10\/16congreso_trans.png","contentUrl":"https:\/\/cie.uprrp.edu\/congresoeducacion\/wp-content\/uploads\/sites\/18\/2025\/10\/16congreso_trans.png"},{"@type":"BreadcrumbList","@id":"https:\/\/cie.uprrp.edu\/congresoeducacion\/afiche-xvi-cpie-descripcion-simbolica-del-dibujo\/#breadcrumb","itemListElement":[{"@type":"ListItem","position":1,"name":"Home","item":"https:\/\/cie.uprrp.edu\/congresoeducacion\/"},{"@type":"ListItem","position":2,"name":"Afiche XVI CPIE &#8211; Descripci\u00f3n simb\u00f3lica del dibujo"}]},{"@type":"WebSite","@id":"https:\/\/cie.uprrp.edu\/congresoeducacion\/#website","url":"https:\/\/cie.uprrp.edu\/congresoeducacion\/","name":"Congreso Puertorrique\u00f1o de Investigaci\u00f3n en Educaci\u00f3n","description":"Centro de Investigaciones Educativas","potentialAction":[{"@type":"SearchAction","target":{"@type":"EntryPoint","urlTemplate":"https:\/\/cie.uprrp.edu\/congresoeducacion\/?s={search_term_string}"},"query-input":{"@type":"PropertyValueSpecification","valueRequired":true,"valueName":"search_term_string"}}],"inLanguage":"en-US"}]}},"_links":{"self":[{"href":"https:\/\/cie.uprrp.edu\/congresoeducacion\/wp-json\/wp\/v2\/pages\/23","targetHints":{"allow":["GET"]}}],"collection":[{"href":"https:\/\/cie.uprrp.edu\/congresoeducacion\/wp-json\/wp\/v2\/pages"}],"about":[{"href":"https:\/\/cie.uprrp.edu\/congresoeducacion\/wp-json\/wp\/v2\/types\/page"}],"author":[{"embeddable":true,"href":"https:\/\/cie.uprrp.edu\/congresoeducacion\/wp-json\/wp\/v2\/users\/1006"}],"replies":[{"embeddable":true,"href":"https:\/\/cie.uprrp.edu\/congresoeducacion\/wp-json\/wp\/v2\/comments?post=23"}],"version-history":[{"count":3,"href":"https:\/\/cie.uprrp.edu\/congresoeducacion\/wp-json\/wp\/v2\/pages\/23\/revisions"}],"predecessor-version":[{"id":70,"href":"https:\/\/cie.uprrp.edu\/congresoeducacion\/wp-json\/wp\/v2\/pages\/23\/revisions\/70"}],"wp:attachment":[{"href":"https:\/\/cie.uprrp.edu\/congresoeducacion\/wp-json\/wp\/v2\/media?parent=23"}],"curies":[{"name":"wp","href":"https:\/\/api.w.org\/{rel}","templated":true}]}}