{"id":27,"date":"2025-10-03T10:27:41","date_gmt":"2025-10-03T14:27:41","guid":{"rendered":"https:\/\/cie.uprrp.edu\/congresoeducacion\/?page_id=27"},"modified":"2025-11-06T08:25:21","modified_gmt":"2025-11-06T12:25:21","slug":"programa-del-xvi-cpie","status":"publish","type":"page","link":"https:\/\/cie.uprrp.edu\/congresoeducacion\/programa-del-xvi-cpie\/","title":{"rendered":"Programa del XVI CPIE"},"content":{"rendered":"<h1>XVI Congreso Puertorrique\u00f1o de Investigaci\u00f3n en la Educaci\u00f3n<\/h1>\n<h2>Programa<\/h2>\n<h2>mi\u00e9rcoles, 5 de noviembre de 2025<\/h2>\n<h3>Actividad Pre-Congreso<\/h3>\n<p><strong>Lugar: Biblioteca Gerardo Sell\u00e9s Sol\u00e1 de la Facultad de Educaci\u00f3n.<\/strong><\/p>\n<p><em>Sala disponible para visitas durante el horario de servicio de la biblioteca<\/em><\/p>\n<h4><strong>Exposici\u00f3n Colectiva de Arte: <\/strong>Hostos, Maestro de Maestros<\/h4>\n<p>Artista: Prof. \u00c1ngel A. D\u00edaz Cabrera<\/p>\n<p>La presente exposici\u00f3n rinde homenaje a la vida y legado de Eugenio Mar\u00eda de Hostos (1839\u20131903), destacado educador, pensador humanista, luchador por la justicia social y defensor incansable de la libertad en el Caribe y Am\u00e9rica Latina. Su visi\u00f3n de una educaci\u00f3n transformadora, su defensa firme de una ciudadan\u00eda consciente y su compromiso con la emancipaci\u00f3n de los pueblos contin\u00faan inspirando a generaciones.<\/p>\n<p>A trav\u00e9s de esta muestra, se invita a reflexionar, reinterpretar y reimaginar la figura de Hostos como un aut\u00e9ntico maestro de maestros: s\u00edmbolo de pensamiento cr\u00edtico, solidaridad y esperanza.<\/p>\n<h2>jueves, 6 de noviembre de 2025<\/h2>\n<h3>Actividades de Apertura<\/h3>\n<p><strong>Registro:<\/strong> 8:00 AM &#8211; 8:30 AM &#8211; Vest\u00edbulo Facultad de Educaci\u00f3n<\/p>\n<p><strong>Bienvenida:<\/strong> 8:30 AM &#8211; 9:00 AM &#8211; <strong>Anfiteatro 3<\/strong>, con transmisi\u00f3n en vivo en Anfiteatro 3 y Biblioteca<\/p>\n<p><strong>Saludos de las Autoridades Universitarias &#8211; Anfiteatro 3<\/strong><\/p>\n<ul>\n<li>Presidenta de la Universidad de Puerto Rico &#8211; <strong>Dra. Zayira Jord\u00e1n Conde<\/strong><\/li>\n<li>Rectora del Recinto de R\u00edo Piedras &#8211; <strong>Dra. Ang\u00e9lica Varela Llavona<\/strong><\/li>\n<li>Decana de la Facultad de Educaci\u00f3n &#8211; <strong>Dra. Grace M. Carro Nieves<\/strong><\/li>\n<li>Coordinadora del Congreso &#8211; <strong>Dra. Keyla Soto Hidalgo<\/strong><\/li>\n<\/ul>\n<p><strong>Panel de Apertura &#8211; <\/strong>9:00 AM<strong>&#8211;<\/strong>10:00 AM &#8211; <strong><em>\u201cEducaci\u00f3n 360: Innovaci\u00f3n, Identidad y Tecnolog\u00eda\u201d<\/em><\/strong><\/p>\n<p>Panelistas:<\/p>\n<ul>\n<li><strong>Arq. Wilma Santiago Gabrielini<\/strong> &#8211; Vicepresidenta de Asuntos Acad\u00e9micos e Investigaci\u00f3n de la Universidad de Puerto Rico<\/li>\n<li><strong>Dr. Rafael Canales Pastrana<\/strong> &#8211; Rector de la Universidad Interamericana de Puerto Rico<\/li>\n<li><strong>Dra. Beverly Morro Vega<\/strong> &#8211; Subsecretaria del Departamento de Educaci\u00f3n de Puerto Rico<\/li>\n<li><strong>Dra. Franc\u00e9s Zen\u00f3n Mel\u00e9ndez<\/strong> &#8211; Directora de STEM Fideicomiso de Ciencias y Tecnolog\u00eda de Puerto Rico<\/li>\n<\/ul>\n<p><strong>Conferencia Magistral <\/strong>10:00 AM \u2013 10:30 AM- <strong>Dos mundos, una estrategia: IA en la educaci\u00f3n y en la gesti\u00f3n de recursos del tercer sector. <\/strong>Dr. <em>Abniel Mach\u00edn de<\/em>\u00a0<em>Jes\u00fas- Director de Ciencia Puerto Rico<\/em><\/p>\n<p><strong>Reconocimiento a la maestra Gloria Portalat\u00edn Arocho \u2013 60 a\u00f1os como educadora en Puerto Rico.<\/strong><\/p>\n<p><strong>Presentaci\u00f3n art\u00edstica<\/strong> &#8211; Coro de la Escuela Secundaria, Director &#8211; Dr. David Ocasio Vega<\/p>\n<p><strong>Almuerzo:<\/strong> 11:55 AM &#8211; 1:00 PM<\/p>\n<p><strong>Mesas Informativas<\/strong> &#8211; Disponibles en todo momento en el Caf\u00e9 Galer\u00eda, Anfiteatro #1<\/p>\n<h3>Bloque tem\u00e1tico de presentaciones en la tarde &#8211; 1:00 a 3:30 p.m.<\/h3>\n<p><em>Haga click en cada bloque tem\u00e1tico para desplegar las presentaciones por sala.<\/em><\/p>\n<details id=\"e-n-accordion-item-6770\" >\n<summary data-accordion-index=\"1\" tabindex=\"0\" aria-expanded=\"false\" aria-controls=\"e-n-accordion-item-6770\" >\n\t\t\t\t\t \u00c1rea Tem\u00e1tica: Innovaci\u00f3n Educativa<br \/>\n\t\t\t<svg aria-hidden=\"true\" viewBox=\"0 0 448 512\" xmlns=\"http:\/\/www.w3.org\/2000\/svg\"><path d=\"M416 208H32c-17.67 0-32 14.33-32 32v32c0 17.67 14.33 32 32 32h384c17.67 0 32-14.33 32-32v-32c0-17.67-14.33-32-32-32z\"><\/path><\/svg><br \/>\n\t\t\t<svg aria-hidden=\"true\" viewBox=\"0 0 448 512\" xmlns=\"http:\/\/www.w3.org\/2000\/svg\"><path d=\"M416 208H272V64c0-17.67-14.33-32-32-32h-32c-17.67 0-32 14.33-32 32v144H32c-17.67 0-32 14.33-32 32v32c0 17.67 14.33 32 32 32h144v144c0 17.67 14.33 32 32 32h32c17.67 0 32-14.33 32-32V304h144c17.67 0 32-14.33 32-32v-32c0-17.67-14.33-32-32-32z\"><\/path><\/svg><br \/>\n\t\t\t\t\t\t<\/summary>\n<p>\t\t\t\t\t\t\t\t\t<strong>Lugar: <\/strong><strong>Biblioteca Gerardo Sell\u00e9s Sol\u00e1 de la Facultad de Educaci\u00f3n (primer piso)<\/strong><\/p>\n<table>\n<tbody>\n<tr>\n<td valign=\"top\" width=\"150\"><strong>1:00-1:25 pm<\/strong><\/td>\n<td valign=\"top\"><strong><em>An\u00e1lisis de la relaci\u00f3n entre las puntuaciones de la PAA y el Programa de Nivel Avanzado (PNA) en Puerto Rico<br \/>\n<\/em><\/strong><br \/>\nDr. Manuel Gonz\u00e1lez Gonz\u00e1lez,\u00a0Associate Director, Data Analytics &amp; Research,\u00a0College Board LATAM<\/td>\n<\/tr>\n<tr>\n<td valign=\"top\"><strong>1:30- 1:55 pm<\/strong><\/td>\n<td valign=\"top\"><strong><em>Aprendizaje significativo a trav\u00e9s de la innovaci\u00f3n pedag\u00f3gica en la pr\u00e1ctica docente<br \/>\n<\/em><\/strong><br \/>\nDra. Lizzette M. Vel\u00e1zquez Rivera,\u00a0Programa de Ciencias,\u00a0Facultad de Educaci\u00f3n, Universidad de Puerto Rico, Recinto de R\u00edo Piedras<\/td>\n<\/tr>\n<tr>\n<td valign=\"top\"><strong>2:00- 2:25 pm<\/strong><\/td>\n<td valign=\"top\"><strong><em>Percepciones de estudiantes graduados acerca del modelo de Aprendizaje Basado en Proyectos (ABPr): un estudio fenomenol\u00f3gico<br \/>\n<\/em><\/strong><br \/>\nDra. Isabel Delgado Qui\u00f1ones,\u00a0Facultad de Educaci\u00f3n, Departamento de Estudios Graduados, Universidad de Puerto Rico, Recinto de R\u00edo Piedras<\/td>\n<\/tr>\n<tr>\n<td valign=\"top\"><strong>2:30- 2:55 pm<\/strong><\/td>\n<td valign=\"top\"><strong><em>Qu\u00edmica Anal\u00edtica en Acci\u00f3n: Investigaci\u00f3n, servicio y aprendizaje transformador<\/em><\/strong><br \/>\nDr. Uriel Rivera G\u00f3nzalez,\u00a0Facultad de Ciencias Naturales, Departamento de Qu\u00edmica, Universidad de Puerto Rico, Recinto de R\u00edo Piedras<\/td>\n<\/tr>\n<tr>\n<td valign=\"top\"><strong>3:00- 3:25 pm<\/strong><\/td>\n<td valign=\"top\"><strong><em>Explorando la biodiversidad: El caso de un BioBlitz en la Universidad de Puerto Rico &#8211; Recinto de R\u00edo Piedras<br \/>\n<\/em><\/strong><br \/>\nProf. Eliezer Nieves Rodr\u00edguez, Facultad de Ciencias Sociales, Departamento de Geograf\u00eda; Dr. Carlos J. Ayarza Real, Facultad de Estudios Generales, Departamento de Ciencias Biol\u00f3gicas; Dra. Melitza Nieves Viera, Universidad de Puerto Rico, Recinto de R\u00edo Piedras<\/td>\n<\/tr>\n<\/tbody>\n<\/table>\n<\/details>\n<details id=\"e-n-accordion-item-6771\" >\n<summary data-accordion-index=\"2\" tabindex=\"-1\" aria-expanded=\"false\" aria-controls=\"e-n-accordion-item-6771\" >\n\t\t\t\t\t \u00c1rea Tem\u00e1tica: Identidad y Cultura<br \/>\n\t\t\t<svg aria-hidden=\"true\" viewBox=\"0 0 448 512\" xmlns=\"http:\/\/www.w3.org\/2000\/svg\"><path d=\"M416 208H32c-17.67 0-32 14.33-32 32v32c0 17.67 14.33 32 32 32h384c17.67 0 32-14.33 32-32v-32c0-17.67-14.33-32-32-32z\"><\/path><\/svg><br \/>\n\t\t\t<svg aria-hidden=\"true\" viewBox=\"0 0 448 512\" xmlns=\"http:\/\/www.w3.org\/2000\/svg\"><path d=\"M416 208H272V64c0-17.67-14.33-32-32-32h-32c-17.67 0-32 14.33-32 32v144H32c-17.67 0-32 14.33-32 32v32c0 17.67 14.33 32 32 32h144v144c0 17.67 14.33 32 32 32h32c17.67 0 32-14.33 32-32V304h144c17.67 0 32-14.33 32-32v-32c0-17.67-14.33-32-32-32z\"><\/path><\/svg><br \/>\n\t\t\t\t\t\t<\/summary>\n<p><strong>Lugar: <\/strong><strong>Vest\u00edbulo de la Facultad (primer piso)<\/strong><\/p>\n<table>\n<tbody>\n<tr>\n<td valign=\"top\" width=\"150\"><strong>1:00-1:25 pm<\/strong><\/td>\n<td valign=\"top\"><strong><em>Geometr\u00eda: la matem\u00e1tica oculta en las rejas ornamentales<\/em><\/strong><br \/>Profa. Ana Olga Gonz\u00e1lez Medina,\u00a0Colegio Universitario de San Juan<\/td>\n<\/tr>\n<tr>\n<td valign=\"top\"><strong>1:30- 1:55 pm<\/strong><\/td>\n<td valign=\"top\"><strong><em>Inclusi\u00f3n educativa: M\u00e1s all\u00e1 de la definici\u00f3n. De la intenci\u00f3n a la acci\u00f3n contextualizada<\/em><\/strong><br \/>Profa. Cinthya Paola Fern\u00e1ndez de la Pe\u00f1a,\u00a0Tecnol\u00f3gico de Monterrey,\u00a0Ciudad de M\u00e9xico<\/td>\n<\/tr>\n<tr>\n<td valign=\"top\"><strong>2:00- 2:25 pm<\/strong><\/td>\n<td valign=\"top\"><strong><em>Migraci\u00f3n haitiana a la Rep\u00fablica Dominicana Genocidio, racismo de estado y deportaciones en el siglo XXI<br \/><\/em><\/strong><br \/>Dr. Luis A. \u00c1lvarez L\u00f3pez,\u00a0Instituto de Educaci\u00f3n Superior Abelardo Vicioso,\u00a0Rep\u00fablica Dominicana<br \/>Dra. Carmen H. Sanjurjo, Metropolitan State University of Colorado, Estados Unidos<\/td>\n<\/tr>\n<tr>\n<td valign=\"top\"><strong>2:30- 2:55 pm<\/strong><\/td>\n<td valign=\"top\"><strong><em>Latino Poetry: Entre la historia y la poes\u00eda de Aurora Levins Morales<\/em><\/strong><br \/>Dra. Maril\u00ed Rodr\u00edguez Garc\u00eda, Dr. Jaime Rodr\u00edguez Alicea y Prof. Camille Montilla,\u00a0Facultad de Educaci\u00f3n, Escuela Secundaria, Universidad de Puerto Rico, Recinto de R\u00edo Piedras, Esc. Ram\u00f3n Vil\u00e1 Mayo<\/td>\n<\/tr>\n<tr>\n<td valign=\"top\"><strong>3:00 \u2013 3:25 pm<\/strong><\/td>\n<td valign=\"top\"><strong><em>Percepci\u00f3n sobre el cambio clim\u00e1tico en maestros\/as de ciencias del sistema p\u00fablico y privado de Puerto Rico y encargados de homeschooling<\/em><\/strong><br \/>Srta. Claudia P\u00e9rez Burgos,\u00a0Facultad de Ciencias Sociales, Departamento de Psicolog\u00eda, Universidad de Puerto Rico, Recinto R\u00edo Piedras<\/td>\n<\/tr>\n<\/tbody>\n<\/table>\n<\/details>\n<details id=\"e-n-accordion-item-6772\" >\n<summary data-accordion-index=\"3\" tabindex=\"-1\" aria-expanded=\"false\" aria-controls=\"e-n-accordion-item-6772\" >\n\t\t\t\t\t \u00c1rea Tem\u00e1tica: Investigaci\u00f3n y Pol\u00edtica Educativa<br \/>\n\t\t\t<svg aria-hidden=\"true\" viewBox=\"0 0 448 512\" xmlns=\"http:\/\/www.w3.org\/2000\/svg\"><path d=\"M416 208H32c-17.67 0-32 14.33-32 32v32c0 17.67 14.33 32 32 32h384c17.67 0 32-14.33 32-32v-32c0-17.67-14.33-32-32-32z\"><\/path><\/svg><br \/>\n\t\t\t<svg aria-hidden=\"true\" viewBox=\"0 0 448 512\" xmlns=\"http:\/\/www.w3.org\/2000\/svg\"><path d=\"M416 208H272V64c0-17.67-14.33-32-32-32h-32c-17.67 0-32 14.33-32 32v144H32c-17.67 0-32 14.33-32 32v32c0 17.67 14.33 32 32 32h144v144c0 17.67 14.33 32 32 32h32c17.67 0 32-14.33 32-32V304h144c17.67 0 32-14.33 32-32v-32c0-17.67-14.33-32-32-32z\"><\/path><\/svg><br \/>\n\t\t\t\t\t\t<\/summary>\n<p>\t\t\t\t\t\t\t\t\t<strong>Lugar: Anfiteatro # 3 (segundo piso)<\/strong><\/p>\n<table>\n<tbody>\n<tr>\n<td valign=\"top\" width=\"150\"><strong>\u00a01:00-1:25 pm<\/strong><\/td>\n<td valign=\"top\"><strong><em>Sal\u00f3n din\u00e1mico, curr\u00edculo est\u00e1tico: Estatus de las acciones transformadoras derivadas del assessment del aprendizaje en la UPR\u2013R\u00edo Piedras (2022-2025)<\/em><\/strong><br \/>\nDr. H\u00e9ctor A. Aponte Alequ\u00edn y Dra. Elena Maldonado Vargas,\u00a0Divisi\u00f3n de Investigaci\u00f3n Institucional y Aval\u00fao,\u00a0Universidad de Puerto Rico, Recinto de R\u00edo Piedras<\/td>\n<\/tr>\n<tr>\n<td valign=\"top\"><strong>1:30- 1:55 pm<\/strong><\/td>\n<td valign=\"top\"><strong><em>Factores de protecci\u00f3n y riesgo en el magisterio: Hacia escuelas promotoras de la salud<\/em><\/strong><br \/>\nDra. Nellie Zambrana Ortiz,\u00a0Proyecto Inducci\u00f3n al Magisterio, Facultad de Educaci\u00f3n,\u00a0Universidad de Puerto Rico, Recinto de R\u00edo Piedras<\/td>\n<\/tr>\n<tr>\n<td valign=\"top\"><strong>2:00- 2:25 pm<\/strong><\/td>\n<td valign=\"top\"><strong><em>Estudio anal\u00edtico en torno a un grupo de escuelas afectadas por tres eventos catastr\u00f3ficos: Una mirada desde la complejidad<br \/>\n<\/em><\/strong><br \/>\nDra. Mar\u00eda de los \u00c1ngeles Ortiz Reyes,\u00a0Universidad de Puerto Rico, Recinto de R\u00edo Piedras<\/td>\n<\/tr>\n<tr>\n<td valign=\"top\"><strong>2:30- 2:55 pm<\/strong><\/td>\n<td><strong><em>Una d\u00e9cada de solicitudes en el Sistema Universitario de la UPR: Preferencias acad\u00e9micas de estudiantes de escuela superior<br \/>\n<\/em><\/strong><br \/>\nDra. Patricia R. Mattei Ramos,\u00a0Divisi\u00f3n de Investigaci\u00f3n Institucional y Aval\u00fao,\u00a0Universidad de Puerto Rico, Recinto de R\u00edo Piedras<\/td>\n<\/tr>\n<tr>\n<td valign=\"top\"><strong>3:00- 3:25 pm<\/strong><\/td>\n<td valign=\"top\"><strong><em>De la emergencia a la innovaci\u00f3n: Tecnolog\u00eda, equidad e identidad educativa en perspectiva internacional<br \/>\n<\/em><\/strong><br \/>\nDra. Evelyn I. Matos Quintana,\u00a0Universidad de Puerto Rico, Recinto de R\u00edo Piedras<\/td>\n<\/tr>\n<\/tbody>\n<\/table>\n<\/details>\n<details id=\"e-n-accordion-item-6773\" >\n<summary data-accordion-index=\"4\" tabindex=\"-1\" aria-expanded=\"false\" aria-controls=\"e-n-accordion-item-6773\" >\n\t\t\t\t\t \u00c1rea Tem\u00e1tica: Tecnolog\u00eda y Educaci\u00f3n Digital<br \/>\n\t\t\t<svg aria-hidden=\"true\" viewBox=\"0 0 448 512\" xmlns=\"http:\/\/www.w3.org\/2000\/svg\"><path d=\"M416 208H32c-17.67 0-32 14.33-32 32v32c0 17.67 14.33 32 32 32h384c17.67 0 32-14.33 32-32v-32c0-17.67-14.33-32-32-32z\"><\/path><\/svg><br \/>\n\t\t\t<svg aria-hidden=\"true\" viewBox=\"0 0 448 512\" xmlns=\"http:\/\/www.w3.org\/2000\/svg\"><path d=\"M416 208H272V64c0-17.67-14.33-32-32-32h-32c-17.67 0-32 14.33-32 32v144H32c-17.67 0-32 14.33-32 32v32c0 17.67 14.33 32 32 32h144v144c0 17.67 14.33 32 32 32h32c17.67 0 32-14.33 32-32V304h144c17.67 0 32-14.33 32-32v-32c0-17.67-14.33-32-32-32z\"><\/path><\/svg><br \/>\n\t\t\t\t\t\t<\/summary>\n<p>\t\t\t\t\t\t\t\t\t<strong>Lugar: Anfiteatro # 4 (cuarto piso)<\/strong><\/p>\n<table>\n<tbody>\n<tr>\n<td width=\"150\" valign=\"top\"><strong>1:00-1:25 pm<\/strong><\/td>\n<td valign=\"top\"><strong><em>Integraci\u00f3n de IA generativa en la b\u00fasqueda de informaci\u00f3n con operadores booleanos<\/em><\/strong><br \/>\nProfa. Alleya Rodr\u00edguez V\u00e1zquez, Sistema de Bibliotecas, Universidad de Puerto Rico, Recinto de R\u00edo Piedras<\/td>\n<\/tr>\n<tr>\n<td valign=\"top\"><strong>1:30- 1:55 pm<\/strong><\/td>\n<td valign=\"top\"><strong><em>La inteligencia artificial llega a la Escuela Nacional Colegio de Ciencias y Humanidades<\/em><\/strong><br \/>\nProfa. Paulina Romero Hern\u00e1ndez, Universidad Nacional Aut\u00f3noma de M\u00e9xico, Escuela Nacional Colegio de Ciencias y Humanidades, M\u00e9xico<\/td>\n<\/tr>\n<tr>\n<td valign=\"top\"><strong>2:00- 2:25 pm<\/strong><\/td>\n<td valign=\"top\"><strong><em>Inteligencia artificial, m\u00fasica, narrativa y juegos en la ense\u00f1anza de las matem\u00e1ticas: implicaciones educativas y \u00e9ticas en la era digital (h\u00edbrido)<\/em><\/strong><br \/>\nProf. Marcos Alejo Sandoval Serrano, Universidad Santo Tom\u00e1s, Colombia<\/td>\n<\/tr>\n<tr>\n<td valign=\"top\"><strong>2:30- 2:55 pm<\/strong><\/td>\n<td valign=\"top\"><strong><em>Hicimos limonada: Experiencias docentes de la ense\u00f1anza remota de emergencia, 2020-2022<\/em><\/strong><br \/>\nDr. James Seale Collazo, Escuela Secundaria, Facultad de Educaci\u00f3n, Universidad de Puerto Rico, Recinto de R\u00edo Piedras<\/td>\n<\/tr>\n<tr>\n<td valign=\"top\"><strong>3:00- 3:25 pm<\/strong><\/td>\n<td valign=\"top\"><strong><em>IA y escritura universitaria: Pensamiento cr\u00edtico y assessment del aprendizaje en un curso b\u00e1sico de espa\u00f1ol universitario<\/em><\/strong><br \/>\nDr. H\u00e9ctor A. Aponte Alequ\u00edn, Universidad de Puerto Rico, Recinto de R\u00edo Piedras<\/td>\n<\/tr>\n<\/tbody>\n<\/table>\n<\/details>\n<p>\t\t<strong>Lugar: <\/strong><strong>Biblioteca Gerardo Sell\u00e9s Sol\u00e1 de la Facultad de Educaci\u00f3n (primer piso)<\/strong><\/p>\n<table>\n<tbody>\n<tr>\n<td valign=\"top\" width=\"150\"><strong>1:00-1:25 pm<\/strong><\/td>\n<td valign=\"top\"><strong><em>An\u00e1lisis de la relaci\u00f3n entre las puntuaciones de la PAA y el Programa de Nivel Avanzado (PNA) en Puerto Rico<br \/>\n<\/em><\/strong><br \/>\nDr. Manuel Gonz\u00e1lez Gonz\u00e1lez,\u00a0Associate Director, Data Analytics &amp; Research,\u00a0College Board LATAM<\/td>\n<\/tr>\n<tr>\n<td valign=\"top\"><strong>1:30- 1:55 pm<\/strong><\/td>\n<td valign=\"top\"><strong><em>Aprendizaje significativo a trav\u00e9s de la innovaci\u00f3n pedag\u00f3gica en la pr\u00e1ctica docente<br \/>\n<\/em><\/strong><br \/>\nDra. Lizzette M. Vel\u00e1zquez Rivera,\u00a0Programa de Ciencias,\u00a0Facultad de Educaci\u00f3n, Universidad de Puerto Rico, Recinto de R\u00edo Piedras<\/td>\n<\/tr>\n<tr>\n<td valign=\"top\"><strong>2:00- 2:25 pm<\/strong><\/td>\n<td valign=\"top\"><strong><em>Percepciones de estudiantes graduados acerca del modelo de Aprendizaje Basado en Proyectos (ABPr): un estudio fenomenol\u00f3gico<br \/>\n<\/em><\/strong><br \/>\nDra. Isabel Delgado Qui\u00f1ones,\u00a0Facultad de Educaci\u00f3n, Departamento de Estudios Graduados, Universidad de Puerto Rico, Recinto de R\u00edo Piedras<\/td>\n<\/tr>\n<tr>\n<td valign=\"top\"><strong>2:30- 2:55 pm<\/strong><\/td>\n<td valign=\"top\"><strong><em>Qu\u00edmica Anal\u00edtica en Acci\u00f3n: Investigaci\u00f3n, servicio y aprendizaje transformador<\/em><\/strong><br \/>\nDr. Uriel Rivera G\u00f3nzalez,\u00a0Facultad de Ciencias Naturales, Departamento de Qu\u00edmica, Universidad de Puerto Rico, Recinto de R\u00edo Piedras<\/td>\n<\/tr>\n<tr>\n<td valign=\"top\"><strong>3:00- 3:25 pm<\/strong><\/td>\n<td valign=\"top\"><strong><em>Explorando la biodiversidad: El caso de un BioBlitz en la Universidad de Puerto Rico &#8211; Recinto de R\u00edo Piedras<br \/>\n<\/em><\/strong><br \/>\nProf. Eliezer Nieves Rodr\u00edguez, Facultad de Ciencias Sociales, Departamento de Geograf\u00eda; Dr. Carlos J. Ayarza Real, Facultad de Estudios Generales, Departamento de Ciencias Biol\u00f3gicas; Dra. Melitza Nieves Viera, Universidad de Puerto Rico, Recinto de R\u00edo Piedras<\/td>\n<\/tr>\n<\/tbody>\n<\/table>\n<p><strong>Lugar: <\/strong><strong>Vest\u00edbulo de la Facultad (primer piso)<\/strong><\/p>\n<table>\n<tbody>\n<tr>\n<td valign=\"top\" width=\"150\"><strong>1:00-1:25 pm<\/strong><\/td>\n<td valign=\"top\"><strong><em>Geometr\u00eda: la matem\u00e1tica oculta en las rejas ornamentales<\/em><\/strong><br \/>Profa. Ana Olga Gonz\u00e1lez Medina,\u00a0Colegio Universitario de San Juan<\/td>\n<\/tr>\n<tr>\n<td valign=\"top\"><strong>1:30- 1:55 pm<\/strong><\/td>\n<td valign=\"top\"><strong><em>Inclusi\u00f3n educativa: M\u00e1s all\u00e1 de la definici\u00f3n. De la intenci\u00f3n a la acci\u00f3n contextualizada<\/em><\/strong><br \/>Profa. Cinthya Paola Fern\u00e1ndez de la Pe\u00f1a,\u00a0Tecnol\u00f3gico de Monterrey,\u00a0Ciudad de M\u00e9xico<\/td>\n<\/tr>\n<tr>\n<td valign=\"top\"><strong>2:00- 2:25 pm<\/strong><\/td>\n<td valign=\"top\"><strong><em>Migraci\u00f3n haitiana a la Rep\u00fablica Dominicana Genocidio, racismo de estado y deportaciones en el siglo XXI<br \/><\/em><\/strong><br \/>Dr. Luis A. \u00c1lvarez L\u00f3pez,\u00a0Instituto de Educaci\u00f3n Superior Abelardo Vicioso,\u00a0Rep\u00fablica Dominicana<br \/>Dra. Carmen H. Sanjurjo, Metropolitan State University of Colorado, Estados Unidos<\/td>\n<\/tr>\n<tr>\n<td valign=\"top\"><strong>2:30- 2:55 pm<\/strong><\/td>\n<td valign=\"top\"><strong><em>Latino Poetry: Entre la historia y la poes\u00eda de Aurora Levins Morales<\/em><\/strong><br \/>Dra. Maril\u00ed Rodr\u00edguez Garc\u00eda, Dr. Jaime Rodr\u00edguez Alicea y Prof. Camille Montilla,\u00a0Facultad de Educaci\u00f3n, Escuela Secundaria, Universidad de Puerto Rico, Recinto de R\u00edo Piedras, Esc. Ram\u00f3n Vil\u00e1 Mayo<\/td>\n<\/tr>\n<tr>\n<td valign=\"top\"><strong>3:00 \u2013 3:25 pm<\/strong><\/td>\n<td valign=\"top\"><strong><em>Percepci\u00f3n sobre el cambio clim\u00e1tico en maestros\/as de ciencias del sistema p\u00fablico y privado de Puerto Rico y encargados de homeschooling<\/em><\/strong><br \/>Srta. Claudia P\u00e9rez Burgos,\u00a0Facultad de Ciencias Sociales, Departamento de Psicolog\u00eda, Universidad de Puerto Rico, Recinto R\u00edo Piedras<\/td>\n<\/tr>\n<\/tbody>\n<\/table>\n<p><strong>Lugar: Anfiteatro # 3 (segundo piso)<\/strong><\/p>\n<table>\n<tbody>\n<tr>\n<td valign=\"top\" width=\"150\"><strong>\u00a01:00-1:25 pm<\/strong><\/td>\n<td valign=\"top\"><strong><em>Sal\u00f3n din\u00e1mico, curr\u00edculo est\u00e1tico: Estatus de las acciones transformadoras derivadas del assessment del aprendizaje en la UPR\u2013R\u00edo Piedras (2022-2025)<\/em><\/strong><br \/>\nDr. H\u00e9ctor A. Aponte Alequ\u00edn y Dra. Elena Maldonado Vargas,\u00a0Divisi\u00f3n de Investigaci\u00f3n Institucional y Aval\u00fao,\u00a0Universidad de Puerto Rico, Recinto de R\u00edo Piedras<\/td>\n<\/tr>\n<tr>\n<td valign=\"top\"><strong>1:30- 1:55 pm<\/strong><\/td>\n<td valign=\"top\"><strong><em>Factores de protecci\u00f3n y riesgo en el magisterio: Hacia escuelas promotoras de la salud<\/em><\/strong><br \/>\nDra. Nellie Zambrana Ortiz,\u00a0Proyecto Inducci\u00f3n al Magisterio, Facultad de Educaci\u00f3n,\u00a0Universidad de Puerto Rico, Recinto de R\u00edo Piedras<\/td>\n<\/tr>\n<tr>\n<td valign=\"top\"><strong>2:00- 2:25 pm<\/strong><\/td>\n<td valign=\"top\"><strong><em>Estudio anal\u00edtico en torno a un grupo de escuelas afectadas por tres eventos catastr\u00f3ficos: Una mirada desde la complejidad<br \/>\n<\/em><\/strong><br \/>\nDra. Mar\u00eda de los \u00c1ngeles Ortiz Reyes,\u00a0Universidad de Puerto Rico, Recinto de R\u00edo Piedras<\/td>\n<\/tr>\n<tr>\n<td valign=\"top\"><strong>2:30- 2:55 pm<\/strong><\/td>\n<td><strong><em>Una d\u00e9cada de solicitudes en el Sistema Universitario de la UPR: Preferencias acad\u00e9micas de estudiantes de escuela superior<br \/>\n<\/em><\/strong><br \/>\nDra. Patricia R. Mattei Ramos,\u00a0Divisi\u00f3n de Investigaci\u00f3n Institucional y Aval\u00fao,\u00a0Universidad de Puerto Rico, Recinto de R\u00edo Piedras<\/td>\n<\/tr>\n<tr>\n<td valign=\"top\"><strong>3:00- 3:25 pm<\/strong><\/td>\n<td valign=\"top\"><strong><em>De la emergencia a la innovaci\u00f3n: Tecnolog\u00eda, equidad e identidad educativa en perspectiva internacional<br \/>\n<\/em><\/strong><br \/>\nDra. Evelyn I. Matos Quintana,\u00a0Universidad de Puerto Rico, Recinto de R\u00edo Piedras<\/td>\n<\/tr>\n<\/tbody>\n<\/table>\n<p><strong>Lugar: Anfiteatro # 4 (cuarto piso)<\/strong><\/p>\n<table>\n<tbody>\n<tr>\n<td width=\"150\" valign=\"top\"><strong>1:00-1:25 pm<\/strong><\/td>\n<td valign=\"top\"><strong><em>Integraci\u00f3n de IA generativa en la b\u00fasqueda de informaci\u00f3n con operadores booleanos<\/em><\/strong><br \/>\nProfa. Alleya Rodr\u00edguez V\u00e1zquez, Sistema de Bibliotecas, Universidad de Puerto Rico, Recinto de R\u00edo Piedras<\/td>\n<\/tr>\n<tr>\n<td valign=\"top\"><strong>1:30- 1:55 pm<\/strong><\/td>\n<td valign=\"top\"><strong><em>La inteligencia artificial llega a la Escuela Nacional Colegio de Ciencias y Humanidades<\/em><\/strong><br \/>\nProfa. Paulina Romero Hern\u00e1ndez, Universidad Nacional Aut\u00f3noma de M\u00e9xico, Escuela Nacional Colegio de Ciencias y Humanidades, M\u00e9xico<\/td>\n<\/tr>\n<tr>\n<td valign=\"top\"><strong>2:00- 2:25 pm<\/strong><\/td>\n<td valign=\"top\"><strong><em>Inteligencia artificial, m\u00fasica, narrativa y juegos en la ense\u00f1anza de las matem\u00e1ticas: implicaciones educativas y \u00e9ticas en la era digital (h\u00edbrido)<\/em><\/strong><br \/>\nProf. Marcos Alejo Sandoval Serrano, Universidad Santo Tom\u00e1s, Colombia<\/td>\n<\/tr>\n<tr>\n<td valign=\"top\"><strong>2:30- 2:55 pm<\/strong><\/td>\n<td valign=\"top\"><strong><em>Hicimos limonada: Experiencias docentes de la ense\u00f1anza remota de emergencia, 2020-2022<\/em><\/strong><br \/>\nDr. James Seale Collazo, Escuela Secundaria, Facultad de Educaci\u00f3n, Universidad de Puerto Rico, Recinto de R\u00edo Piedras<\/td>\n<\/tr>\n<tr>\n<td valign=\"top\"><strong>3:00- 3:25 pm<\/strong><\/td>\n<td valign=\"top\"><strong><em>IA y escritura universitaria: Pensamiento cr\u00edtico y assessment del aprendizaje en un curso b\u00e1sico de espa\u00f1ol universitario<\/em><\/strong><br \/>\nDr. H\u00e9ctor A. Aponte Alequ\u00edn, Universidad de Puerto Rico, Recinto de R\u00edo Piedras<\/td>\n<\/tr>\n<\/tbody>\n<\/table>\n<h2>viernes, 7 de noviembre de 2025<\/h2>\n<p><strong>8:00-8:30 am \u2013 Registro en el vest\u00edbulo de la Facultad de Educaci\u00f3n<\/strong><\/p>\n<p><strong>8:30-9:00 am \u2013 Bienvenida en el Vest\u00edbulo de la Facultad de Educaci\u00f3n<\/strong><\/p>\n<h3>Bloque tem\u00e1tico de presentaciones en la ma\u00f1ana: 9:00 a 11:30 a.m.<\/h3>\n<p><em>Haga click en cada bloque tem\u00e1tico para desplegar las presentaciones por sala<\/em><\/p>\n<details id=\"e-n-accordion-item-1570\" >\n<summary data-accordion-index=\"1\" tabindex=\"0\" aria-expanded=\"false\" aria-controls=\"e-n-accordion-item-1570\" >\n\t\t\t\t\t \u00c1rea Tem\u00e1tica: Innovaci\u00f3n Educativa 1<br \/>\n\t\t\t<svg aria-hidden=\"true\" viewBox=\"0 0 448 512\" xmlns=\"http:\/\/www.w3.org\/2000\/svg\"><path d=\"M416 208H32c-17.67 0-32 14.33-32 32v32c0 17.67 14.33 32 32 32h384c17.67 0 32-14.33 32-32v-32c0-17.67-14.33-32-32-32z\"><\/path><\/svg><br \/>\n\t\t\t<svg aria-hidden=\"true\" viewBox=\"0 0 448 512\" xmlns=\"http:\/\/www.w3.org\/2000\/svg\"><path d=\"M416 208H272V64c0-17.67-14.33-32-32-32h-32c-17.67 0-32 14.33-32 32v144H32c-17.67 0-32 14.33-32 32v32c0 17.67 14.33 32 32 32h144v144c0 17.67 14.33 32 32 32h32c17.67 0 32-14.33 32-32V304h144c17.67 0 32-14.33 32-32v-32c0-17.67-14.33-32-32-32z\"><\/path><\/svg><br \/>\n\t\t\t\t\t\t<\/summary>\n<p><strong>Lugar: <\/strong><strong>Biblioteca Gerardo Sell\u00e9s Sol\u00e1 de la Facultad de Educaci\u00f3n (Primer piso)<\/strong><\/p>\n<table>\n<tbody>\n<tr>\n<td valign=\"top\" width=\"150\"><strong>9:00- 9:25 am<\/strong><\/td>\n<td valign=\"top\"><strong><em>Innovaci\u00f3n Educativa e Inteligencia Artificial<\/em><\/strong><br \/>Dr. Ricardo Morales de Jes\u00fas, Departamento de Ciencias F\u00edsicas-Universidad de Puerto Rico, Recinto R\u00edo Piedras<\/td>\n<\/tr>\n<tr>\n<td valign=\"top\"><strong>9:30- 9:55 am<\/strong><\/td>\n<td valign=\"top\">\n<p><strong><em>Alcanza: 20 a\u00f1os de impacto para la ni\u00f1ez temprana<\/em><\/strong><\/p>\n<p>Profa. Kiana Pacheco Bonilla, Profa. Isset Pastrana Andino, Profa. Sugeily Ortiz Rivera, Profa. Iris \u00c1lvarez Cruz y Dra. Mar\u00eda de los A. Agrinsoni Malav\u00e9,<br \/>Centro de Investigaciones Educativas &amp; Fundaci\u00f3n \u00c1ngel Ramos, Facultad de Educaci\u00f3n, Unversidad de Puerto Rico, Recinto de R\u00edo Piedras<\/p>\n<\/td>\n<\/tr>\n<tr>\n<td valign=\"top\"><strong>10:00- 10:25 am<\/strong><\/td>\n<td valign=\"top\"><strong><em>Educadores en formaci\u00f3n como agentes de cambio al integrar principios de las neurociencias y la inteligencia artificial para el aprendizaje aut\u00e9ntico<\/em><\/strong><br \/>Dra. Lizzette M. Vel\u00e1zquez Rivera, Programa de Ciencias-Facultad de Educaci\u00f3n, Unversidad de Puerto Rico, Recinto de R\u00edo Piedras<\/td>\n<\/tr>\n<tr>\n<td valign=\"top\"><strong>10:30- 10:55 am<\/strong><\/td>\n<td valign=\"top\"><strong><em>Combatiendo la IA con reportes orales pregrabados (h\u00edbrido)<\/em><\/strong><br \/>Dr. Wilson Gonz\u00e1lez-Espada, Departamento de Ciencias de la Ingenier\u00eda &#8211; Morehead State University -Kentucky, Estados Unidos<\/td>\n<\/tr>\n<tr>\n<td valign=\"top\"><strong>11:00- 11:25 am<\/strong><\/td>\n<td valign=\"top\"><strong><em>El enfoque STEM y las bases de datos para nuevas investigaciones<\/em><\/strong><br \/>Profa. Raquel And\u00fajar Batista, Escuela Elemental-Unversidad de Puerto Rico, Recinto de R\u00edo Piedras<\/td>\n<\/tr>\n<tr>\n<td valign=\"top\"><strong>11:30 \u2013 11:55 am<\/strong><\/td>\n<td valign=\"top\"><strong><em>Lazos entre laboratorios para el aprendizaje matem\u00e1tico<\/em><\/strong><br \/>Dra. Nydiamm Vilanova Hern\u00e1ndez y Dra. Fabiola Torres Negr\u00f3n, Escuela Secundaria y Escuela Elemental &#8211; Unversidad de Puerto Rico, Recinto de R\u00edo Piedras<\/td>\n<\/tr>\n<\/tbody>\n<\/table>\n<\/details>\n<details id=\"e-n-accordion-item-1571\" >\n<summary data-accordion-index=\"2\" tabindex=\"-1\" aria-expanded=\"false\" aria-controls=\"e-n-accordion-item-1571\" >\n\t\t\t\t\t \u00c1rea Tem\u00e1tica: Innovaci\u00f3n Educativa 2<br \/>\n\t\t\t<svg aria-hidden=\"true\" viewBox=\"0 0 448 512\" xmlns=\"http:\/\/www.w3.org\/2000\/svg\"><path d=\"M416 208H32c-17.67 0-32 14.33-32 32v32c0 17.67 14.33 32 32 32h384c17.67 0 32-14.33 32-32v-32c0-17.67-14.33-32-32-32z\"><\/path><\/svg><br \/>\n\t\t\t<svg aria-hidden=\"true\" viewBox=\"0 0 448 512\" xmlns=\"http:\/\/www.w3.org\/2000\/svg\"><path d=\"M416 208H272V64c0-17.67-14.33-32-32-32h-32c-17.67 0-32 14.33-32 32v144H32c-17.67 0-32 14.33-32 32v32c0 17.67 14.33 32 32 32h144v144c0 17.67 14.33 32 32 32h32c17.67 0 32-14.33 32-32V304h144c17.67 0 32-14.33 32-32v-32c0-17.67-14.33-32-32-32z\"><\/path><\/svg><br \/>\n\t\t\t\t\t\t<\/summary>\n<p><strong>Lugar: <\/strong><strong>Anfiteatro 3 (segundo piso)<\/strong><\/p>\n<table>\n<tbody>\n<tr>\n<td valign=\"top\" width=\"150&quot;\"><strong>9:00- 9:25 am<\/strong><\/td>\n<td valign=\"top\"><strong><em>Aula sin fronterias: Investigaci\u00f3n en acci\u00f3n e inclusi\u00f3n desde la educaci\u00f3n aeroespacial<\/em><\/strong><br \/><strong>Dr. Bryan M. Rivera Marrero, Departamento de Educaci\u00f3n, Puerto Rico<\/strong><\/td>\n<\/tr>\n<tr>\n<td valign=\"top\"><strong>9:30- 9:55 am<\/strong><\/td>\n<td valign=\"top\"><strong><em>Nuevo Centro de Resiliencia al Cambio Clim\u00e1tico de la UPR: Imparcto a la educaci\u00f3n y a la investigaci\u00f3n en Qu\u00edmica<\/em><\/strong><br \/><strong>Dra. Dalice M. Pi\u00f1ero Cruz, Facultad de Ciencias Naturales, Departamento de Qu\u00edmica, Universidad de Puerto Rico, Recinto de R\u00edo Piedras<\/strong><\/td>\n<\/tr>\n<tr>\n<td valign=\"top\"><strong>10:00- 10:25 am<\/strong><\/td>\n<td valign=\"top\"><strong><em>Expandiendo el acceso a recursos de astrnom\u00eda para personas con impedimiento visual: Planeta Urano T\u00e1ctil<\/em><\/strong><br \/><strong>Dra. Carmen A. Pantoja Pantoja, Facultad de Ciencias Naturales, Departamento de F\u00edsica, Universidad de Puerto Rico, Recinto de R\u00edo Piedras<\/strong><\/td>\n<\/tr>\n<tr>\n<td valign=\"top\"><strong>10:30- 10:55 am<\/strong><\/td>\n<td valign=\"top\"><em><strong>Formando Agentes de Cambio: Experiencias Educativas del UPR-CRCC para la Resiliencia Clim\u00e1tica<\/strong><\/em><br \/>Dra. Julissa Gonz\u00e1lez Villegas, Centro de Resiliencia al Cambio Clim\u00e1tico,<br \/>Universidad de Puerto Rico, Recinto de R\u00edo Piedras<\/td>\n<\/tr>\n<tr>\n<td valign=\"top\"><strong>11:00- 11:25 am<\/strong><\/td>\n<td valign=\"top\"><em><strong>Estrategias visuales y emocionales para ense\u00f1ar biodiversidad en bachillerato<\/strong><\/em><br \/>Dra. Karla Ver\u00f3nica Garc\u00eda Cruz, Prof. David Cruz S\u00e1nchez y Lic. Jes\u00fas Contreras Novoa, Escuela Nacional Preparatoria, Universidad Nacional Aut\u00f3noma de M\u00e9xico<\/td>\n<\/tr>\n<tr>\n<td valign=\"top\"><strong>11:30- 11:55 am<\/strong><\/td>\n<td valign=\"top\"><em><strong>El Curr\u00edculo y el Programa Deportivo de las Escuelas Laboratorio<\/strong><\/em><br \/>Dr. Jos\u00e9 Luis S\u00e1nchez Figueroa, Prof. Edwin Col\u00f3n Miranda &amp; Prof. Edgar Morales Marrero, Escuela Secundaria-Facultad de Educaci\u00f3n, Universidad de Puerto Rico, Recinto de R\u00edo Piedras<\/td>\n<\/tr>\n<\/tbody>\n<\/table>\n<\/details>\n<details id=\"e-n-accordion-item-1572\" >\n<summary data-accordion-index=\"3\" tabindex=\"-1\" aria-expanded=\"false\" aria-controls=\"e-n-accordion-item-1572\" >\n\t\t\t\t\t \u00c1rea Tem\u00e1tica: Investigaci\u00f3n y Pol\u00edtica Educativa<br \/>\n\t\t\t<svg aria-hidden=\"true\" viewBox=\"0 0 448 512\" xmlns=\"http:\/\/www.w3.org\/2000\/svg\"><path d=\"M416 208H32c-17.67 0-32 14.33-32 32v32c0 17.67 14.33 32 32 32h384c17.67 0 32-14.33 32-32v-32c0-17.67-14.33-32-32-32z\"><\/path><\/svg><br \/>\n\t\t\t<svg aria-hidden=\"true\" viewBox=\"0 0 448 512\" xmlns=\"http:\/\/www.w3.org\/2000\/svg\"><path d=\"M416 208H272V64c0-17.67-14.33-32-32-32h-32c-17.67 0-32 14.33-32 32v144H32c-17.67 0-32 14.33-32 32v32c0 17.67 14.33 32 32 32h144v144c0 17.67 14.33 32 32 32h32c17.67 0 32-14.33 32-32V304h144c17.67 0 32-14.33 32-32v-32c0-17.67-14.33-32-32-32z\"><\/path><\/svg><br \/>\n\t\t\t\t\t\t<\/summary>\n<p><strong>Lugar: Vest\u00edbulo de la Facultad de Educaci\u00f3n (primer piso)<\/strong><\/p>\n<table>\n<tbody>\n<tr>\n<td valign=\"top\" width=\"150\"><strong>9:00- 9:25 am<\/strong><\/td>\n<td valign=\"top\"><strong><em>Evaluaci\u00f3n Cognitiva en menores procesados por faltas: Claves para una Justicia Juvenil Informada<\/em><\/strong><br \/>Dr. Edwin Rivera Rivera, Escuela Secundaria, Universidad de Puerto Rico, Recinto de R\u00edo Piedras<\/td>\n<\/tr>\n<tr>\n<td valign=\"top\"><strong>9:30- 10:30 am<\/strong><\/td>\n<td valign=\"top\"><strong><em>Transforma tu investigaci\u00f3n en pol\u00edtica p\u00fablica<\/em><\/strong><br \/>Sra. Alba Y. Mu\u00f1iz Gracia, Directora Oficina de Participaci\u00f3n Ciudadana de la Oficina de Servicios Legislativos, Gobierno de Puerto Rico<\/td>\n<\/tr>\n<tr>\n<td valign=\"top\"><strong>10:35- 11:00 am<\/strong><\/td>\n<td valign=\"top\"><strong><em>El cuento como estrategia innovadora para el desarrollo de la competencia comunicativa en la educaci\u00f3n inicial<\/em><\/strong><br \/>Dr. Patricio Le\u00f3n, Instituto Dominicano de Evaluaci\u00f3n e Investigaci\u00f3n de la Calidad Educativa (IDEICE), Rep\u00fablica Dominicana<\/td>\n<\/tr>\n<tr>\n<td valign=\"top\"><strong>11:05 \u2013 11:50 am<\/strong><\/td>\n<td valign=\"top\"><strong><em>\u00a0<\/em><\/strong><strong><em>20 a\u00f1os impulsando la investigaci\u00f3n en la actividad f\u00edsica, salud y rendimiento humano, Programa de Maestr\u00eda en Ciencias del Ejercicio <\/em><\/strong><br \/>Dra. Luc\u00eda Del R. Mart\u00ednez Col\u00f3n, Dr. Enrique U. P\u00e9rez-Cardona, Dra. Mar\u00eda E. Santiago Rodr\u00edguez y Prof. Emmanuel Hern\u00e1ndez Torres, Facultad de Educaci\u00f3n, Departamento de Estudios Graduados, Universidad de Puerto Rico, Recinto de R\u00edo Piedras<\/td>\n<\/tr>\n<\/tbody>\n<\/table>\n<\/details>\n<p><strong>Lugar: <\/strong><strong>Biblioteca Gerardo Sell\u00e9s Sol\u00e1 de la Facultad de Educaci\u00f3n (Primer piso)<\/strong><\/p>\n<table>\n<tbody>\n<tr>\n<td valign=\"top\" width=\"150\"><strong>9:00- 9:25 am<\/strong><\/td>\n<td valign=\"top\"><strong><em>Innovaci\u00f3n Educativa e Inteligencia Artificial<\/em><\/strong><br \/>Dr. Ricardo Morales de Jes\u00fas, Departamento de Ciencias F\u00edsicas-Universidad de Puerto Rico, Recinto R\u00edo Piedras<\/td>\n<\/tr>\n<tr>\n<td valign=\"top\"><strong>9:30- 9:55 am<\/strong><\/td>\n<td valign=\"top\">\n<p><strong><em>Alcanza: 20 a\u00f1os de impacto para la ni\u00f1ez temprana<\/em><\/strong><\/p>\n<p>Profa. Kiana Pacheco Bonilla, Profa. Isset Pastrana Andino, Profa. Sugeily Ortiz Rivera, Profa. Iris \u00c1lvarez Cruz y Dra. Mar\u00eda de los A. Agrinsoni Malav\u00e9,<br \/>Centro de Investigaciones Educativas &amp; Fundaci\u00f3n \u00c1ngel Ramos, Facultad de Educaci\u00f3n, Unversidad de Puerto Rico, Recinto de R\u00edo Piedras<\/p>\n<\/td>\n<\/tr>\n<tr>\n<td valign=\"top\"><strong>10:00- 10:25 am<\/strong><\/td>\n<td valign=\"top\"><strong><em>Educadores en formaci\u00f3n como agentes de cambio al integrar principios de las neurociencias y la inteligencia artificial para el aprendizaje aut\u00e9ntico<\/em><\/strong><br \/>Dra. Lizzette M. Vel\u00e1zquez Rivera, Programa de Ciencias-Facultad de Educaci\u00f3n, Unversidad de Puerto Rico, Recinto de R\u00edo Piedras<\/td>\n<\/tr>\n<tr>\n<td valign=\"top\"><strong>10:30- 10:55 am<\/strong><\/td>\n<td valign=\"top\"><strong><em>Combatiendo la IA con reportes orales pregrabados (h\u00edbrido)<\/em><\/strong><br \/>Dr. Wilson Gonz\u00e1lez-Espada, Departamento de Ciencias de la Ingenier\u00eda &#8211; Morehead State University -Kentucky, Estados Unidos<\/td>\n<\/tr>\n<tr>\n<td valign=\"top\"><strong>11:00- 11:25 am<\/strong><\/td>\n<td valign=\"top\"><strong><em>El enfoque STEM y las bases de datos para nuevas investigaciones<\/em><\/strong><br \/>Profa. Raquel And\u00fajar Batista, Escuela Elemental-Unversidad de Puerto Rico, Recinto de R\u00edo Piedras<\/td>\n<\/tr>\n<tr>\n<td valign=\"top\"><strong>11:30 \u2013 11:55 am<\/strong><\/td>\n<td valign=\"top\"><strong><em>Lazos entre laboratorios para el aprendizaje matem\u00e1tico<\/em><\/strong><br \/>Dra. Nydiamm Vilanova Hern\u00e1ndez y Dra. Fabiola Torres Negr\u00f3n, Escuela Secundaria y Escuela Elemental &#8211; Unversidad de Puerto Rico, Recinto de R\u00edo Piedras<\/td>\n<\/tr>\n<\/tbody>\n<\/table>\n<p><strong>Lugar: <\/strong><strong>Anfiteatro 3 (segundo piso)<\/strong><\/p>\n<table>\n<tbody>\n<tr>\n<td valign=\"top\" width=\"150&quot;\"><strong>9:00- 9:25 am<\/strong><\/td>\n<td valign=\"top\"><strong><em>Aula sin fronterias: Investigaci\u00f3n en acci\u00f3n e inclusi\u00f3n desde la educaci\u00f3n aeroespacial<\/em><\/strong><br \/><strong>Dr. Bryan M. Rivera Marrero, Departamento de Educaci\u00f3n, Puerto Rico<\/strong><\/td>\n<\/tr>\n<tr>\n<td valign=\"top\"><strong>9:30- 9:55 am<\/strong><\/td>\n<td valign=\"top\"><strong><em>Nuevo Centro de Resiliencia al Cambio Clim\u00e1tico de la UPR: Imparcto a la educaci\u00f3n y a la investigaci\u00f3n en Qu\u00edmica<\/em><\/strong><br \/><strong>Dra. Dalice M. Pi\u00f1ero Cruz, Facultad de Ciencias Naturales, Departamento de Qu\u00edmica, Universidad de Puerto Rico, Recinto de R\u00edo Piedras<\/strong><\/td>\n<\/tr>\n<tr>\n<td valign=\"top\"><strong>10:00- 10:25 am<\/strong><\/td>\n<td valign=\"top\"><strong><em>Expandiendo el acceso a recursos de astrnom\u00eda para personas con impedimiento visual: Planeta Urano T\u00e1ctil<\/em><\/strong><br \/><strong>Dra. Carmen A. Pantoja Pantoja, Facultad de Ciencias Naturales, Departamento de F\u00edsica, Universidad de Puerto Rico, Recinto de R\u00edo Piedras<\/strong><\/td>\n<\/tr>\n<tr>\n<td valign=\"top\"><strong>10:30- 10:55 am<\/strong><\/td>\n<td valign=\"top\"><em><strong>Formando Agentes de Cambio: Experiencias Educativas del UPR-CRCC para la Resiliencia Clim\u00e1tica<\/strong><\/em><br \/>Dra. Julissa Gonz\u00e1lez Villegas, Centro de Resiliencia al Cambio Clim\u00e1tico,<br \/>Universidad de Puerto Rico, Recinto de R\u00edo Piedras<\/td>\n<\/tr>\n<tr>\n<td valign=\"top\"><strong>11:00- 11:25 am<\/strong><\/td>\n<td valign=\"top\"><em><strong>Estrategias visuales y emocionales para ense\u00f1ar biodiversidad en bachillerato<\/strong><\/em><br \/>Dra. Karla Ver\u00f3nica Garc\u00eda Cruz, Prof. David Cruz S\u00e1nchez y Lic. Jes\u00fas Contreras Novoa, Escuela Nacional Preparatoria, Universidad Nacional Aut\u00f3noma de M\u00e9xico<\/td>\n<\/tr>\n<tr>\n<td valign=\"top\"><strong>11:30- 11:55 am<\/strong><\/td>\n<td valign=\"top\"><em><strong>El Curr\u00edculo y el Programa Deportivo de las Escuelas Laboratorio<\/strong><\/em><br \/>Dr. Jos\u00e9 Luis S\u00e1nchez Figueroa, Prof. Edwin Col\u00f3n Miranda &amp; Prof. Edgar Morales Marrero, Escuela Secundaria-Facultad de Educaci\u00f3n, Universidad de Puerto Rico, Recinto de R\u00edo Piedras<\/td>\n<\/tr>\n<\/tbody>\n<\/table>\n<p><strong>Lugar: Vest\u00edbulo de la Facultad de Educaci\u00f3n (primer piso)<\/strong><\/p>\n<table>\n<tbody>\n<tr>\n<td valign=\"top\" width=\"150\"><strong>9:00- 9:25 am<\/strong><\/td>\n<td valign=\"top\"><strong><em>Evaluaci\u00f3n Cognitiva en menores procesados por faltas: Claves para una Justicia Juvenil Informada<\/em><\/strong><br \/>Dr. Edwin Rivera Rivera, Escuela Secundaria, Universidad de Puerto Rico, Recinto de R\u00edo Piedras<\/td>\n<\/tr>\n<tr>\n<td valign=\"top\"><strong>9:30- 10:30 am<\/strong><\/td>\n<td valign=\"top\"><strong><em>Transforma tu investigaci\u00f3n en pol\u00edtica p\u00fablica<\/em><\/strong><br \/>Sra. Alba Y. Mu\u00f1iz Gracia, Directora Oficina de Participaci\u00f3n Ciudadana de la Oficina de Servicios Legislativos, Gobierno de Puerto Rico<\/td>\n<\/tr>\n<tr>\n<td valign=\"top\"><strong>10:35- 11:00 am<\/strong><\/td>\n<td valign=\"top\"><strong><em>El cuento como estrategia innovadora para el desarrollo de la competencia comunicativa en la educaci\u00f3n inicial<\/em><\/strong><br \/>Dr. Patricio Le\u00f3n, Instituto Dominicano de Evaluaci\u00f3n e Investigaci\u00f3n de la Calidad Educativa (IDEICE), Rep\u00fablica Dominicana<\/td>\n<\/tr>\n<tr>\n<td valign=\"top\"><strong>11:05 \u2013 11:50 am<\/strong><\/td>\n<td valign=\"top\"><strong><em>\u00a0<\/em><\/strong><strong><em>20 a\u00f1os impulsando la investigaci\u00f3n en la actividad f\u00edsica, salud y rendimiento humano, Programa de Maestr\u00eda en Ciencias del Ejercicio <\/em><\/strong><br \/>Dra. Luc\u00eda Del R. Mart\u00ednez Col\u00f3n, Dr. Enrique U. P\u00e9rez-Cardona, Dra. Mar\u00eda E. Santiago Rodr\u00edguez y Prof. Emmanuel Hern\u00e1ndez Torres, Facultad de Educaci\u00f3n, Departamento de Estudios Graduados, Universidad de Puerto Rico, Recinto de R\u00edo Piedras<\/td>\n<\/tr>\n<\/tbody>\n<\/table>\n<p><strong>Almuerzo: 11:55 AM &#8211; 1:00 PM y mesas informativas -vest\u00edbulo<\/strong><\/p>\n<h3>Bloque tem\u00e1tico de presentaciones en la tarde:  1:00 a 3:00 p.m.<\/h3>\n<p><em>Haga click en cada bloque tem\u00e1tico para desplegar las presentaciones por sala<\/em><\/p>\n<details id=\"e-n-accordion-item-1930\" >\n<summary data-accordion-index=\"1\" tabindex=\"0\" aria-expanded=\"false\" aria-controls=\"e-n-accordion-item-1930\" >\n\t\t\t\t\t \u00c1rea Tem\u00e1tica: Investigaci\u00f3n y Pol\u00edtica Educativa 1<br \/>\n\t\t\t<svg aria-hidden=\"true\" viewBox=\"0 0 448 512\" xmlns=\"http:\/\/www.w3.org\/2000\/svg\"><path d=\"M416 208H32c-17.67 0-32 14.33-32 32v32c0 17.67 14.33 32 32 32h384c17.67 0 32-14.33 32-32v-32c0-17.67-14.33-32-32-32z\"><\/path><\/svg><br \/>\n\t\t\t<svg aria-hidden=\"true\" viewBox=\"0 0 448 512\" xmlns=\"http:\/\/www.w3.org\/2000\/svg\"><path d=\"M416 208H272V64c0-17.67-14.33-32-32-32h-32c-17.67 0-32 14.33-32 32v144H32c-17.67 0-32 14.33-32 32v32c0 17.67 14.33 32 32 32h144v144c0 17.67 14.33 32 32 32h32c17.67 0 32-14.33 32-32V304h144c17.67 0 32-14.33 32-32v-32c0-17.67-14.33-32-32-32z\"><\/path><\/svg><br \/>\n\t\t\t\t\t\t<\/summary>\n<p><strong>Lugar: Vest\u00edbulo de la Facultad de Educaci\u00f3n (primer piso)<\/strong><\/p>\n<table>\n<tbody>\n<tr>\n<td valign=\"top\" width=\"150\"><strong>1:00-1:25 pm<\/strong><\/td>\n<td><strong><em>Las voces de los estudiantes de la Escuela Secundaria en torno al uso de los tel\u00e9fonos celulares en el entorno escolar<\/em><\/strong><br \/>Prof. Nicol\u00e1s Ramos Ortiz, Escuela Secundaria, Universidad de Puerto Rico, Recinto de R\u00edo Piedras<\/td>\n<\/tr>\n<tr>\n<td valign=\"top\"><strong>1:30- 1:55 pm<\/strong><\/td>\n<td valign=\"top\"><strong><em>Centro Multitutorial UHS: Un modelo efectivo de aprendizaje entre pares<\/em><\/strong><br \/>Dr. Roberto E. Olmeda Rosario y Prof. Miguel A. Hern\u00e1ndez Delgado, Escuela Secundaria, Universidad de Puerto Rico, Recinto de R\u00edo Piedras<\/td>\n<\/tr>\n<tr>\n<td valign=\"top\"><strong>2:00- 2:25 pm<\/strong><\/td>\n<td><strong><em>An\u00e1lisis de la implementaci\u00f3n de talleres educativos para facilitar la transici\u00f3n a la secundaria: Experiencias y percepciones de los participantes de sexto grado de la Escuela Elemental de la Universidad de Puerto Rico<\/em><\/strong><br \/>Dra. Linda Clark Mora y Profa. Vanessa del C. L\u00f3pez, Escuela Elemental, Universidad de Puerto Rico, Recinto de R\u00edo Piedras<\/td>\n<\/tr>\n<tr>\n<td valign=\"top\"><strong>2:30- 2:55 pm<\/strong><\/td>\n<td valign=\"top\"><strong><em>Pr\u00e1cticas de evaluaci\u00f3n en Educaci\u00f3n F\u00edsica: Estudio cualitativo fenomenol\u00f3gico con docentes de EDFI<\/em><\/strong><br \/>Dr. Jos\u00e9 M. Luna P\u00e9rez, Programa de Educaci\u00f3n F\u00edsica y Recreaci\u00f3n, Universidad de Puerto Rico, Recinto de R\u00edo Piedras<\/td>\n<\/tr>\n<\/tbody>\n<\/table>\n<\/details>\n<details id=\"e-n-accordion-item-1931\" >\n<summary data-accordion-index=\"2\" tabindex=\"-1\" aria-expanded=\"false\" aria-controls=\"e-n-accordion-item-1931\" >\n\t\t\t\t\t \u00c1rea Tem\u00e1tica: Investigaci\u00f3n y Pol\u00edtica Educativa 2<br \/>\n\t\t\t<svg aria-hidden=\"true\" viewBox=\"0 0 448 512\" xmlns=\"http:\/\/www.w3.org\/2000\/svg\"><path d=\"M416 208H32c-17.67 0-32 14.33-32 32v32c0 17.67 14.33 32 32 32h384c17.67 0 32-14.33 32-32v-32c0-17.67-14.33-32-32-32z\"><\/path><\/svg><br \/>\n\t\t\t<svg aria-hidden=\"true\" viewBox=\"0 0 448 512\" xmlns=\"http:\/\/www.w3.org\/2000\/svg\"><path d=\"M416 208H272V64c0-17.67-14.33-32-32-32h-32c-17.67 0-32 14.33-32 32v144H32c-17.67 0-32 14.33-32 32v32c0 17.67 14.33 32 32 32h144v144c0 17.67 14.33 32 32 32h32c17.67 0 32-14.33 32-32V304h144c17.67 0 32-14.33 32-32v-32c0-17.67-14.33-32-32-32z\"><\/path><\/svg><br \/>\n\t\t\t\t\t\t<\/summary>\n<p>\t\t\t\t\t\t\t\t\t<strong>Lugar: Biblioteca Gerardo Sell\u00e9s Sol\u00e1 de la Facultad de Educaci\u00f3n (primer piso)<\/strong><\/p>\n<table>\n<tbody>\n<tr>\n<td width=\"150\" valign=\"top\"><strong>1:00-1:30 pm<\/strong><\/td>\n<td valign=\"top\"><strong><em>Aval\u00fao de competencias acad\u00e9micas en cursos de ciencias biol\u00f3gicas para estudiantes no-STEM: Resultados de un estudio de tres a\u00f1os<\/em><\/strong><br \/>\nDra. Wilma V. Col\u00f3n Parrilla, Dr. Ra\u00fal Bernabe Dones, Dra. Mar\u00eda del P. Angulo Sandoval y Sr. Lorenzo Pl\u00e1 Serrano, Facultad de Estudios Generales, Departamento de Ciencias Biol\u00f3gicas, Universidad de Puerto Rico, Recinto de R\u00edo Piedras<\/td>\n<\/tr>\n<tr>\n<td valign=\"top\"><strong>1:35- 2:00 pm<\/strong><\/td>\n<td valign=\"top\"><strong><em>Desarrollo profesional de docentes en la investigaci\u00f3n en astronom\u00eda utilizando telescopios rob\u00f3ticos<\/em><\/strong><br \/>\nDra. Carmen A. Pantoja Pantoja, Facultad de Ciencias Naturales, Departamento de F\u00edsica, Universidad de Puerto Rico, Recinto de R\u00edo Piedras<\/td>\n<\/tr>\n<tr>\n<td valign=\"top\"><strong>2:05- 2:30 pm<\/strong><\/td>\n<td valign=\"top\"><strong><em>Retos educativos en un Puerto Rico en crisis: \u00bfQu\u00e9 debe\u00a0incluirse en los modelos tradicionales de abandono universitario?<\/em><\/strong><br \/>\nDr. An\u00edbal Yariel L\u00f3pez Correa, Universidad de Puerto Rico, Recinto de R\u00edo Piedras<\/td>\n<\/tr>\n<\/tbody>\n<\/table>\n<\/details>\n<details id=\"e-n-accordion-item-1932\" >\n<summary data-accordion-index=\"3\" tabindex=\"-1\" aria-expanded=\"false\" aria-controls=\"e-n-accordion-item-1932\" >\n\t\t\t\t\t \u00c1rea Tem\u00e1tica: Identidad y Cultura<br \/>\n\t\t\t<svg aria-hidden=\"true\" viewBox=\"0 0 448 512\" xmlns=\"http:\/\/www.w3.org\/2000\/svg\"><path d=\"M416 208H32c-17.67 0-32 14.33-32 32v32c0 17.67 14.33 32 32 32h384c17.67 0 32-14.33 32-32v-32c0-17.67-14.33-32-32-32z\"><\/path><\/svg><br \/>\n\t\t\t<svg aria-hidden=\"true\" viewBox=\"0 0 448 512\" xmlns=\"http:\/\/www.w3.org\/2000\/svg\"><path d=\"M416 208H272V64c0-17.67-14.33-32-32-32h-32c-17.67 0-32 14.33-32 32v144H32c-17.67 0-32 14.33-32 32v32c0 17.67 14.33 32 32 32h144v144c0 17.67 14.33 32 32 32h32c17.67 0 32-14.33 32-32V304h144c17.67 0 32-14.33 32-32v-32c0-17.67-14.33-32-32-32z\"><\/path><\/svg><br \/>\n\t\t\t\t\t\t<\/summary>\n<p>\t\t\t\t\t\t\t\t\t<strong>Lugar: Anfiteatro 3 (Segundo piso)<\/strong><\/p>\n<table>\n<tbody>\n<tr>\n<td width=\"150\" valign=\"top\"><strong>1:00-1:25 pm<\/strong><\/td>\n<td valign=\"top\"><strong><em>Interculturalidad en la pr\u00e1ctica: estrategias educativas para un mundo global<\/em><\/strong><br \/>\nDra. Hecmir Torres Cuevas, Programa de Bachillerato Interdisciplinario, Universidad Carlos Albizu, Recinto de San Juan<\/td>\n<\/tr>\n<tr>\n<td valign=\"top\"><strong>1:30- 1:55 pm<\/strong><\/td>\n<td valign=\"top\"><strong><em>Coaching y educaci\u00f3n: Estrategia para la diversidad y la inclusi\u00f3n educativa<\/em><\/strong><br \/>\nDra. Higinia Olivares L\u00f3pez, Educaribe Inc., Caguas, Puerto Rico<\/td>\n<\/tr>\n<tr>\n<td valign=\"top\"><strong>2:00- 2:25 pm<\/strong><\/td>\n<td valign=\"top\"><strong><em>Las Bellas Artes como medio para educar y transformar experiencias de trauma y violencia comunitaria y dom\u00e9stica<\/em><\/strong><br \/>\nDra. Liza Santana Pag\u00e1n, Instituto de Psicotraumatolog\u00eda de Puerto Rico<\/td>\n<\/tr>\n<tr>\n<td valign=\"top\"><strong>2:30- 2:55 pm<\/strong><\/td>\n<td valign=\"top\"><strong><em>Aqu\u00ed (as\u00ed) sobrevive LA POES\u00cdA: Festival Internacional de Poes\u00eda en la UHS<\/em><\/strong><br \/>\nProfa. Ashley P\u00e9rez Garc\u00eda, Escuela Secundaria, Facultad de Educaci\u00f3n, Universidad de Puerto Rico, Recinto de R\u00edo Piedras<\/td>\n<\/tr>\n<\/tbody>\n<\/table>\n<\/details>\n<details id=\"e-n-accordion-item-1933\" >\n<summary data-accordion-index=\"4\" tabindex=\"-1\" aria-expanded=\"false\" aria-controls=\"e-n-accordion-item-1933\" >\n\t\t\t\t\t \u00c1rea Tem\u00e1tica: Innovaci\u00f3n Educativa<br \/>\n\t\t\t<svg aria-hidden=\"true\" viewBox=\"0 0 448 512\" xmlns=\"http:\/\/www.w3.org\/2000\/svg\"><path d=\"M416 208H32c-17.67 0-32 14.33-32 32v32c0 17.67 14.33 32 32 32h384c17.67 0 32-14.33 32-32v-32c0-17.67-14.33-32-32-32z\"><\/path><\/svg><br \/>\n\t\t\t<svg aria-hidden=\"true\" viewBox=\"0 0 448 512\" xmlns=\"http:\/\/www.w3.org\/2000\/svg\"><path d=\"M416 208H272V64c0-17.67-14.33-32-32-32h-32c-17.67 0-32 14.33-32 32v144H32c-17.67 0-32 14.33-32 32v32c0 17.67 14.33 32 32 32h144v144c0 17.67 14.33 32 32 32h32c17.67 0 32-14.33 32-32V304h144c17.67 0 32-14.33 32-32v-32c0-17.67-14.33-32-32-32z\"><\/path><\/svg><br \/>\n\t\t\t\t\t\t<\/summary>\n<p>\t\t\t\t\t\t\t\t\t<strong>Lugar: Anfiteatro 4 (cuarto piso)<\/strong><\/p>\n<table>\n<tbody>\n<tr>\n<td width=\"150\" valign=\"top\"><strong>1:00-1:25 pm<\/strong><\/td>\n<td valign=\"top\"><strong><em>Aplicaci\u00f3n del Modelo de Educaci\u00f3n Deportiva en Factores Motivacionales y Psicosociales en Puerto Rico.<\/em><\/strong><br \/>\nDr. Luis Estrada-Oliver, Universidad de Puerto Rico, Recinto de R\u00edo Piedras; Dr. Carlos Evangelio, Universidad Aut\u00f3noma de Madrid, Espa\u00f1a; Dra. Eva Guijarro Jare\u00f1o, Universidad Internacional de La Rioja (UNIR), Espa\u00f1a; Dr. Zachary Wahl-Alexander, Northern Illinois University, Estados Unidos<\/td>\n<\/tr>\n<tr>\n<td valign=\"top\"><strong>1:30- 1:55 pm<\/strong><\/td>\n<td valign=\"top\"><strong><em>Aprendizaje Basado en Modelos en el an\u00e1lisis instrumental: Integrando Arduino, animaci\u00f3n e investigaci\u00f3n cient\u00edfica para la resoluci\u00f3n de problemas comunitarios<\/em><\/strong><br \/>\nDra. Liz M. D\u00edaz V\u00e1zquez, Facultad de Ciencias Naturales, Departamento de Qu\u00edmica, Universidad de Puerto Rico, Recinto de R\u00edo Piedras<\/td>\n<\/tr>\n<tr>\n<td valign=\"top\"><strong>2:00- 2:25 pm<\/strong><\/td>\n<td valign=\"top\"><strong><em>Factores que inciden en la motivaci\u00f3n y retenci\u00f3n de los exalumnos de la Escuela Secundaria de la Universidad de Puerto Rico para estudiar carreras en Ciencias Naturales<\/em><\/strong><br \/>\nDra. Elena Maldonado Vargas y Dra Keyla Soto Hidalgo, Facultad de Educaci\u00f3n, Universidad de Puerto Rico, Recinto de R\u00edo Piedras<\/td>\n<\/tr>\n<\/tbody>\n<\/table>\n<\/details>\n<p><strong>Lugar: Vest\u00edbulo de la Facultad de Educaci\u00f3n (primer piso)<\/strong><\/p>\n<table>\n<tbody>\n<tr>\n<td valign=\"top\" width=\"150\"><strong>1:00-1:25 pm<\/strong><\/td>\n<td><strong><em>Las voces de los estudiantes de la Escuela Secundaria en torno al uso de los tel\u00e9fonos celulares en el entorno escolar<\/em><\/strong><br \/>Prof. Nicol\u00e1s Ramos Ortiz, Escuela Secundaria, Universidad de Puerto Rico, Recinto de R\u00edo Piedras<\/td>\n<\/tr>\n<tr>\n<td valign=\"top\"><strong>1:30- 1:55 pm<\/strong><\/td>\n<td valign=\"top\"><strong><em>Centro Multitutorial UHS: Un modelo efectivo de aprendizaje entre pares<\/em><\/strong><br \/>Dr. Roberto E. Olmeda Rosario y Prof. Miguel A. Hern\u00e1ndez Delgado, Escuela Secundaria, Universidad de Puerto Rico, Recinto de R\u00edo Piedras<\/td>\n<\/tr>\n<tr>\n<td valign=\"top\"><strong>2:00- 2:25 pm<\/strong><\/td>\n<td><strong><em>An\u00e1lisis de la implementaci\u00f3n de talleres educativos para facilitar la transici\u00f3n a la secundaria: Experiencias y percepciones de los participantes de sexto grado de la Escuela Elemental de la Universidad de Puerto Rico<\/em><\/strong><br \/>Dra. Linda Clark Mora y Profa. Vanessa del C. L\u00f3pez, Escuela Elemental, Universidad de Puerto Rico, Recinto de R\u00edo Piedras<\/td>\n<\/tr>\n<tr>\n<td valign=\"top\"><strong>2:30- 2:55 pm<\/strong><\/td>\n<td valign=\"top\"><strong><em>Pr\u00e1cticas de evaluaci\u00f3n en Educaci\u00f3n F\u00edsica: Estudio cualitativo fenomenol\u00f3gico con docentes de EDFI<\/em><\/strong><br \/>Dr. Jos\u00e9 M. Luna P\u00e9rez, Programa de Educaci\u00f3n F\u00edsica y Recreaci\u00f3n, Universidad de Puerto Rico, Recinto de R\u00edo Piedras<\/td>\n<\/tr>\n<\/tbody>\n<\/table>\n<p><strong>Lugar: Biblioteca Gerardo Sell\u00e9s Sol\u00e1 de la Facultad de Educaci\u00f3n (primer piso)<\/strong><\/p>\n<table>\n<tbody>\n<tr>\n<td width=\"150\" valign=\"top\"><strong>1:00-1:30 pm<\/strong><\/td>\n<td valign=\"top\"><strong><em>Aval\u00fao de competencias acad\u00e9micas en cursos de ciencias biol\u00f3gicas para estudiantes no-STEM: Resultados de un estudio de tres a\u00f1os<\/em><\/strong><br \/>\nDra. Wilma V. Col\u00f3n Parrilla, Dr. Ra\u00fal Bernabe Dones, Dra. Mar\u00eda del P. Angulo Sandoval y Sr. Lorenzo Pl\u00e1 Serrano, Facultad de Estudios Generales, Departamento de Ciencias Biol\u00f3gicas, Universidad de Puerto Rico, Recinto de R\u00edo Piedras<\/td>\n<\/tr>\n<tr>\n<td valign=\"top\"><strong>1:35- 2:00 pm<\/strong><\/td>\n<td valign=\"top\"><strong><em>Desarrollo profesional de docentes en la investigaci\u00f3n en astronom\u00eda utilizando telescopios rob\u00f3ticos<\/em><\/strong><br \/>\nDra. Carmen A. Pantoja Pantoja, Facultad de Ciencias Naturales, Departamento de F\u00edsica, Universidad de Puerto Rico, Recinto de R\u00edo Piedras<\/td>\n<\/tr>\n<tr>\n<td valign=\"top\"><strong>2:05- 2:30 pm<\/strong><\/td>\n<td valign=\"top\"><strong><em>Retos educativos en un Puerto Rico en crisis: \u00bfQu\u00e9 debe\u00a0incluirse en los modelos tradicionales de abandono universitario?<\/em><\/strong><br \/>\nDr. An\u00edbal Yariel L\u00f3pez Correa, Universidad de Puerto Rico, Recinto de R\u00edo Piedras<\/td>\n<\/tr>\n<\/tbody>\n<\/table>\n<p><strong>Lugar: Anfiteatro 3 (Segundo piso)<\/strong><\/p>\n<table>\n<tbody>\n<tr>\n<td width=\"150\" valign=\"top\"><strong>1:00-1:25 pm<\/strong><\/td>\n<td valign=\"top\"><strong><em>Interculturalidad en la pr\u00e1ctica: estrategias educativas para un mundo global<\/em><\/strong><br \/>\nDra. Hecmir Torres Cuevas, Programa de Bachillerato Interdisciplinario, Universidad Carlos Albizu, Recinto de San Juan<\/td>\n<\/tr>\n<tr>\n<td valign=\"top\"><strong>1:30- 1:55 pm<\/strong><\/td>\n<td valign=\"top\"><strong><em>Coaching y educaci\u00f3n: Estrategia para la diversidad y la inclusi\u00f3n educativa<\/em><\/strong><br \/>\nDra. Higinia Olivares L\u00f3pez, Educaribe Inc., Caguas, Puerto Rico<\/td>\n<\/tr>\n<tr>\n<td valign=\"top\"><strong>2:00- 2:25 pm<\/strong><\/td>\n<td valign=\"top\"><strong><em>Las Bellas Artes como medio para educar y transformar experiencias de trauma y violencia comunitaria y dom\u00e9stica<\/em><\/strong><br \/>\nDra. Liza Santana Pag\u00e1n, Instituto de Psicotraumatolog\u00eda de Puerto Rico<\/td>\n<\/tr>\n<tr>\n<td valign=\"top\"><strong>2:30- 2:55 pm<\/strong><\/td>\n<td valign=\"top\"><strong><em>Aqu\u00ed (as\u00ed) sobrevive LA POES\u00cdA: Festival Internacional de Poes\u00eda en la UHS<\/em><\/strong><br \/>\nProfa. Ashley P\u00e9rez Garc\u00eda, Escuela Secundaria, Facultad de Educaci\u00f3n, Universidad de Puerto Rico, Recinto de R\u00edo Piedras<\/td>\n<\/tr>\n<\/tbody>\n<\/table>\n<p><strong>Lugar: Anfiteatro 4 (cuarto piso)<\/strong><\/p>\n<table>\n<tbody>\n<tr>\n<td width=\"150\" valign=\"top\"><strong>1:00-1:25 pm<\/strong><\/td>\n<td valign=\"top\"><strong><em>Aplicaci\u00f3n del Modelo de Educaci\u00f3n Deportiva en Factores Motivacionales y Psicosociales en Puerto Rico.<\/em><\/strong><br \/>\nDr. Luis Estrada-Oliver, Universidad de Puerto Rico, Recinto de R\u00edo Piedras; Dr. Carlos Evangelio, Universidad Aut\u00f3noma de Madrid, Espa\u00f1a; Dra. Eva Guijarro Jare\u00f1o, Universidad Internacional de La Rioja (UNIR), Espa\u00f1a; Dr. Zachary Wahl-Alexander, Northern Illinois University, Estados Unidos<\/td>\n<\/tr>\n<tr>\n<td valign=\"top\"><strong>1:30- 1:55 pm<\/strong><\/td>\n<td valign=\"top\"><strong><em>Aprendizaje Basado en Modelos en el an\u00e1lisis instrumental: Integrando Arduino, animaci\u00f3n e investigaci\u00f3n cient\u00edfica para la resoluci\u00f3n de problemas comunitarios<\/em><\/strong><br \/>\nDra. Liz M. D\u00edaz V\u00e1zquez, Facultad de Ciencias Naturales, Departamento de Qu\u00edmica, Universidad de Puerto Rico, Recinto de R\u00edo Piedras<\/td>\n<\/tr>\n<tr>\n<td valign=\"top\"><strong>2:00- 2:25 pm<\/strong><\/td>\n<td valign=\"top\"><strong><em>Factores que inciden en la motivaci\u00f3n y retenci\u00f3n de los exalumnos de la Escuela Secundaria de la Universidad de Puerto Rico para estudiar carreras en Ciencias Naturales<\/em><\/strong><br \/>\nDra. Elena Maldonado Vargas y Dra Keyla Soto Hidalgo, Facultad de Educaci\u00f3n, Universidad de Puerto Rico, Recinto de R\u00edo Piedras<\/td>\n<\/tr>\n<\/tbody>\n<\/table>\n<h2>Cierre del XVI CPEI<\/h2>\n<p><strong>Lugar: Vest\u00edbulo de la Facultad de Educaci\u00f3n<br \/>Hora: 3:00 \u2013 3:30 pm<\/strong><\/p>\n<h4>Presentaci\u00f3n interactiva de Bomba y Plena<\/h4>\n<p><strong>Agrupaci\u00f3n musical: <em>Desde Cero<\/em><\/strong><\/p>\n","protected":false},"excerpt":{"rendered":"<p>XVI Congreso Puertorrique\u00f1o de Investigaci\u00f3n en la Educaci\u00f3n Programa mi\u00e9rcoles, 5 de noviembre de 2025 Actividad Pre-Congreso Lugar: Biblioteca Gerardo Sell\u00e9s Sol\u00e1 de la Facultad de Educaci\u00f3n. Sala disponible para visitas durante el horario de servicio de la biblioteca Exposici\u00f3n Colectiva de Arte: Hostos, Maestro de Maestros Artista: Prof. \u00c1ngel &hellip; <\/p>\n","protected":false},"author":1006,"featured_media":0,"parent":0,"menu_order":0,"comment_status":"closed","ping_status":"closed","template":"","meta":{"footnotes":""},"class_list":["post-27","page","type-page","status-publish","hentry"],"yoast_head":"<!-- This site is optimized with the Yoast SEO plugin v27.3 - https:\/\/yoast.com\/product\/yoast-seo-wordpress\/ -->\n<title>Programa del XVI CPIE - Congreso Puertorrique\u00f1o de Investigaci\u00f3n en Educaci\u00f3n<\/title>\n<meta name=\"robots\" content=\"index, follow, max-snippet:-1, max-image-preview:large, max-video-preview:-1\" \/>\n<link rel=\"canonical\" href=\"https:\/\/cie.uprrp.edu\/congresoeducacion\/programa-del-xvi-cpie\/\" \/>\n<meta property=\"og:locale\" content=\"en_US\" \/>\n<meta property=\"og:type\" content=\"article\" \/>\n<meta property=\"og:title\" content=\"Programa del XVI CPIE - Congreso Puertorrique\u00f1o de Investigaci\u00f3n en Educaci\u00f3n\" \/>\n<meta property=\"og:description\" content=\"XVI Congreso Puertorrique\u00f1o de Investigaci\u00f3n en la Educaci\u00f3n Programa mi\u00e9rcoles, 5 de noviembre de 2025 Actividad Pre-Congreso Lugar: Biblioteca Gerardo Sell\u00e9s Sol\u00e1 de la Facultad de Educaci\u00f3n. Sala disponible para visitas durante el horario de servicio de la biblioteca Exposici\u00f3n Colectiva de Arte: Hostos, Maestro de Maestros Artista: Prof. \u00c1ngel &hellip;\" \/>\n<meta property=\"og:url\" content=\"https:\/\/cie.uprrp.edu\/congresoeducacion\/programa-del-xvi-cpie\/\" \/>\n<meta property=\"og:site_name\" content=\"Congreso Puertorrique\u00f1o de Investigaci\u00f3n en Educaci\u00f3n\" \/>\n<meta property=\"article:modified_time\" content=\"2025-11-06T12:25:21+00:00\" \/>\n<meta name=\"twitter:card\" content=\"summary_large_image\" \/>\n<meta name=\"twitter:label1\" content=\"Est. reading time\" \/>\n\t<meta name=\"twitter:data1\" content=\"20 minutes\" \/>\n<script type=\"application\/ld+json\" class=\"yoast-schema-graph\">{\"@context\":\"https:\\\/\\\/schema.org\",\"@graph\":[{\"@type\":\"WebPage\",\"@id\":\"https:\\\/\\\/cie.uprrp.edu\\\/congresoeducacion\\\/programa-del-xvi-cpie\\\/\",\"url\":\"https:\\\/\\\/cie.uprrp.edu\\\/congresoeducacion\\\/programa-del-xvi-cpie\\\/\",\"name\":\"Programa del XVI CPIE - Congreso Puertorrique\u00f1o de Investigaci\u00f3n en Educaci\u00f3n\",\"isPartOf\":{\"@id\":\"https:\\\/\\\/cie.uprrp.edu\\\/congresoeducacion\\\/#website\"},\"datePublished\":\"2025-10-03T14:27:41+00:00\",\"dateModified\":\"2025-11-06T12:25:21+00:00\",\"breadcrumb\":{\"@id\":\"https:\\\/\\\/cie.uprrp.edu\\\/congresoeducacion\\\/programa-del-xvi-cpie\\\/#breadcrumb\"},\"inLanguage\":\"en-US\",\"potentialAction\":[{\"@type\":\"ReadAction\",\"target\":[\"https:\\\/\\\/cie.uprrp.edu\\\/congresoeducacion\\\/programa-del-xvi-cpie\\\/\"]}]},{\"@type\":\"BreadcrumbList\",\"@id\":\"https:\\\/\\\/cie.uprrp.edu\\\/congresoeducacion\\\/programa-del-xvi-cpie\\\/#breadcrumb\",\"itemListElement\":[{\"@type\":\"ListItem\",\"position\":1,\"name\":\"Home\",\"item\":\"https:\\\/\\\/cie.uprrp.edu\\\/congresoeducacion\\\/\"},{\"@type\":\"ListItem\",\"position\":2,\"name\":\"Programa del XVI CPIE\"}]},{\"@type\":\"WebSite\",\"@id\":\"https:\\\/\\\/cie.uprrp.edu\\\/congresoeducacion\\\/#website\",\"url\":\"https:\\\/\\\/cie.uprrp.edu\\\/congresoeducacion\\\/\",\"name\":\"Congreso Puertorrique\u00f1o de Investigaci\u00f3n en Educaci\u00f3n\",\"description\":\"Centro de Investigaciones Educativas\",\"potentialAction\":[{\"@type\":\"SearchAction\",\"target\":{\"@type\":\"EntryPoint\",\"urlTemplate\":\"https:\\\/\\\/cie.uprrp.edu\\\/congresoeducacion\\\/?s={search_term_string}\"},\"query-input\":{\"@type\":\"PropertyValueSpecification\",\"valueRequired\":true,\"valueName\":\"search_term_string\"}}],\"inLanguage\":\"en-US\"}]}<\/script>\n<!-- \/ Yoast SEO plugin. -->","yoast_head_json":{"title":"Programa del XVI CPIE - Congreso Puertorrique\u00f1o de Investigaci\u00f3n en Educaci\u00f3n","robots":{"index":"index","follow":"follow","max-snippet":"max-snippet:-1","max-image-preview":"max-image-preview:large","max-video-preview":"max-video-preview:-1"},"canonical":"https:\/\/cie.uprrp.edu\/congresoeducacion\/programa-del-xvi-cpie\/","og_locale":"en_US","og_type":"article","og_title":"Programa del XVI CPIE - Congreso Puertorrique\u00f1o de Investigaci\u00f3n en Educaci\u00f3n","og_description":"XVI Congreso Puertorrique\u00f1o de Investigaci\u00f3n en la Educaci\u00f3n Programa mi\u00e9rcoles, 5 de noviembre de 2025 Actividad Pre-Congreso Lugar: Biblioteca Gerardo Sell\u00e9s Sol\u00e1 de la Facultad de Educaci\u00f3n. Sala disponible para visitas durante el horario de servicio de la biblioteca Exposici\u00f3n Colectiva de Arte: Hostos, Maestro de Maestros Artista: Prof. \u00c1ngel &hellip;","og_url":"https:\/\/cie.uprrp.edu\/congresoeducacion\/programa-del-xvi-cpie\/","og_site_name":"Congreso Puertorrique\u00f1o de Investigaci\u00f3n en Educaci\u00f3n","article_modified_time":"2025-11-06T12:25:21+00:00","twitter_card":"summary_large_image","twitter_misc":{"Est. reading time":"20 minutes"},"schema":{"@context":"https:\/\/schema.org","@graph":[{"@type":"WebPage","@id":"https:\/\/cie.uprrp.edu\/congresoeducacion\/programa-del-xvi-cpie\/","url":"https:\/\/cie.uprrp.edu\/congresoeducacion\/programa-del-xvi-cpie\/","name":"Programa del XVI CPIE - Congreso Puertorrique\u00f1o de Investigaci\u00f3n en Educaci\u00f3n","isPartOf":{"@id":"https:\/\/cie.uprrp.edu\/congresoeducacion\/#website"},"datePublished":"2025-10-03T14:27:41+00:00","dateModified":"2025-11-06T12:25:21+00:00","breadcrumb":{"@id":"https:\/\/cie.uprrp.edu\/congresoeducacion\/programa-del-xvi-cpie\/#breadcrumb"},"inLanguage":"en-US","potentialAction":[{"@type":"ReadAction","target":["https:\/\/cie.uprrp.edu\/congresoeducacion\/programa-del-xvi-cpie\/"]}]},{"@type":"BreadcrumbList","@id":"https:\/\/cie.uprrp.edu\/congresoeducacion\/programa-del-xvi-cpie\/#breadcrumb","itemListElement":[{"@type":"ListItem","position":1,"name":"Home","item":"https:\/\/cie.uprrp.edu\/congresoeducacion\/"},{"@type":"ListItem","position":2,"name":"Programa del XVI CPIE"}]},{"@type":"WebSite","@id":"https:\/\/cie.uprrp.edu\/congresoeducacion\/#website","url":"https:\/\/cie.uprrp.edu\/congresoeducacion\/","name":"Congreso Puertorrique\u00f1o de Investigaci\u00f3n en Educaci\u00f3n","description":"Centro de Investigaciones Educativas","potentialAction":[{"@type":"SearchAction","target":{"@type":"EntryPoint","urlTemplate":"https:\/\/cie.uprrp.edu\/congresoeducacion\/?s={search_term_string}"},"query-input":{"@type":"PropertyValueSpecification","valueRequired":true,"valueName":"search_term_string"}}],"inLanguage":"en-US"}]}},"_links":{"self":[{"href":"https:\/\/cie.uprrp.edu\/congresoeducacion\/wp-json\/wp\/v2\/pages\/27","targetHints":{"allow":["GET"]}}],"collection":[{"href":"https:\/\/cie.uprrp.edu\/congresoeducacion\/wp-json\/wp\/v2\/pages"}],"about":[{"href":"https:\/\/cie.uprrp.edu\/congresoeducacion\/wp-json\/wp\/v2\/types\/page"}],"author":[{"embeddable":true,"href":"https:\/\/cie.uprrp.edu\/congresoeducacion\/wp-json\/wp\/v2\/users\/1006"}],"replies":[{"embeddable":true,"href":"https:\/\/cie.uprrp.edu\/congresoeducacion\/wp-json\/wp\/v2\/comments?post=27"}],"version-history":[{"count":58,"href":"https:\/\/cie.uprrp.edu\/congresoeducacion\/wp-json\/wp\/v2\/pages\/27\/revisions"}],"predecessor-version":[{"id":189,"href":"https:\/\/cie.uprrp.edu\/congresoeducacion\/wp-json\/wp\/v2\/pages\/27\/revisions\/189"}],"wp:attachment":[{"href":"https:\/\/cie.uprrp.edu\/congresoeducacion\/wp-json\/wp\/v2\/media?parent=27"}],"curies":[{"name":"wp","href":"https:\/\/api.w.org\/{rel}","templated":true}]}}