{"id":7,"date":"2026-03-19T19:46:45","date_gmt":"2026-03-19T19:46:45","guid":{"rendered":"https:\/\/cie.uprrp.edu\/simposioaccesibilidad\/?page_id=7"},"modified":"2026-03-19T21:17:03","modified_gmt":"2026-03-19T21:17:03","slug":"primer-simposio-de-accesibilidad-e-inclusion-en-el-manejo-de-emergencias-y-desastres-naturales","status":"publish","type":"page","link":"https:\/\/cie.uprrp.edu\/simposioaccesibilidad\/","title":{"rendered":"Primer Simposio de Accesibilidad e Inclusi\u00f3n en el Manejo de Emergencias y Desastres Naturales"},"content":{"rendered":"\n<p>El Centro de Investigaciones Educativas y la Facultad de Educaci\u00f3n les invitan al <strong>Primer Simposio de Accesibilidad e Inclusi\u00f3n en el Manejo de Emergencias y Desastres Naturales<\/strong>, a celebrarse el 9 de abril de 2026 en la Facultad de Educaci\u00f3n. Contaremos con la participaci\u00f3n de investigadores, docentes y l\u00edderes locales en el manejo de situaciones de emergencia en agencias gubernamentales, comunitarias y de las comunicaciones, quienes ofrecer\u00e1n ponencias y presentaciones en torno a estos temas.<\/p>\n\n\n<style>.wp-block-kadence-advancedgallery .kb-gallery-type-masonry.kb-gallery-id-7_33e6d4-b0{margin:-5px;}.kb-gallery-type-masonry.kb-gallery-id-7_33e6d4-b0 .kadence-blocks-gallery-item{padding:5px;}.kb-gallery-id-7_33e6d4-b0 .kadence-blocks-gallery-item .kb-gal-image-radius, .kb-gallery-id-7_33e6d4-b0 .kb-slide-item .kb-gal-image-radius img{border-radius:10px 10px 10px 10px;;}<\/style><div class=\"kb-gallery-wrap-id-7_33e6d4-b0 alignnone wp-block-kadence-advancedgallery\"><ul class=\"kb-gallery-ul kb-gallery-non-static kb-gallery-type-masonry kb-masonry-init kb-gallery-id-7_33e6d4-b0 kb-gallery-caption-style-bottom-hover kb-gallery-filter-none\" data-image-filter=\"none\" data-item-selector=\".kadence-blocks-gallery-item\" data-lightbox-caption=\"true\" data-columns-xxl=\"2\" data-columns-xl=\"2\" data-columns-md=\"2\" data-columns-sm=\"2\" data-columns-xs=\"1\" data-columns-ss=\"1\"><li class=\"kadence-blocks-gallery-item\" tabindex=\"0\"><div class=\"kadence-blocks-gallery-item-inner\"><figure class=\"kb-gallery-figure kadence-blocks-gallery-item-hide-caption\"><div class=\"kb-gal-image-radius\" style=\"max-width:819px;\"><div class=\"kb-gallery-image-contain kadence-blocks-gallery-intrinsic\" style=\"padding-bottom:125%;\"><img loading=\"lazy\" decoding=\"async\" src=\"http:\/\/cie.uprrp.edu\/simposioaccesibilidad\/wp-content\/uploads\/sites\/22\/2026\/03\/1-819x1024.png\" width=\"819\" height=\"1024\" alt=\"P\u00e1gina Uno\" data-full-image=\"http:\/\/cie.uprrp.edu\/simposioaccesibilidad\/wp-content\/uploads\/sites\/22\/2026\/03\/1.png\" data-light-image=\"http:\/\/cie.uprrp.edu\/simposioaccesibilidad\/wp-content\/uploads\/sites\/22\/2026\/03\/1.png\" data-id=\"25\" class=\"wp-image-25\" srcset=\"https:\/\/cie.uprrp.edu\/simposioaccesibilidad\/wp-content\/uploads\/sites\/22\/2026\/03\/1-819x1024.png 819w, https:\/\/cie.uprrp.edu\/simposioaccesibilidad\/wp-content\/uploads\/sites\/22\/2026\/03\/1-240x300.png 240w, https:\/\/cie.uprrp.edu\/simposioaccesibilidad\/wp-content\/uploads\/sites\/22\/2026\/03\/1-768x960.png 768w, https:\/\/cie.uprrp.edu\/simposioaccesibilidad\/wp-content\/uploads\/sites\/22\/2026\/03\/1.png 1080w\" sizes=\"auto, (max-width: 819px) 100vw, 819px\" \/><\/div><\/div><\/figure><\/div><\/li><li class=\"kadence-blocks-gallery-item\" tabindex=\"0\"><div class=\"kadence-blocks-gallery-item-inner\"><figure class=\"kb-gallery-figure kadence-blocks-gallery-item-hide-caption\"><div class=\"kb-gal-image-radius\" style=\"max-width:819px;\"><div class=\"kb-gallery-image-contain kadence-blocks-gallery-intrinsic\" style=\"padding-bottom:125%;\"><img loading=\"lazy\" decoding=\"async\" src=\"http:\/\/cie.uprrp.edu\/simposioaccesibilidad\/wp-content\/uploads\/sites\/22\/2026\/03\/2-819x1024.png\" width=\"819\" height=\"1024\" alt=\"P\u00e1gina Dos\" data-full-image=\"http:\/\/cie.uprrp.edu\/simposioaccesibilidad\/wp-content\/uploads\/sites\/22\/2026\/03\/2.png\" data-light-image=\"http:\/\/cie.uprrp.edu\/simposioaccesibilidad\/wp-content\/uploads\/sites\/22\/2026\/03\/2.png\" data-id=\"26\" class=\"wp-image-26\" srcset=\"https:\/\/cie.uprrp.edu\/simposioaccesibilidad\/wp-content\/uploads\/sites\/22\/2026\/03\/2-819x1024.png 819w, https:\/\/cie.uprrp.edu\/simposioaccesibilidad\/wp-content\/uploads\/sites\/22\/2026\/03\/2-240x300.png 240w, https:\/\/cie.uprrp.edu\/simposioaccesibilidad\/wp-content\/uploads\/sites\/22\/2026\/03\/2-768x960.png 768w, https:\/\/cie.uprrp.edu\/simposioaccesibilidad\/wp-content\/uploads\/sites\/22\/2026\/03\/2.png 1080w\" sizes=\"auto, (max-width: 819px) 100vw, 819px\" \/><\/div><\/div><\/figure><\/div><\/li><\/ul><\/div>\n\n\n<p style=\"margin-top:var(--wp--preset--spacing--40);margin-bottom:0\">Todas estas actividades son libres de costo.<\/p>\n\n\n\n<p style=\"margin-top:var(--wp--preset--spacing--40);margin-bottom:0\">Consulta el <a href=\"https:\/\/cie.uprrp.edu\/ambiental\/programa\/\"><strong>PROGRAMA DE ACTIVIDADES<\/strong><\/a> y participa de este evento. Si aun no te has registrado, <strong><a href=\"https:\/\/outlook.cloud.microsoft\/mail\/inbox\/id\/AAQkAGY4ZjhmNzQ2LTljMzMtNDhlOS1hOWY0LWI4YjBkZGIzMjIzNAAQABrO68xgpntEqJn9hGPI5%2Fg%3D#:~:text=https%3A\/\/docs.google.com\/forms\/d\/e\/1FAIpQLScH8eSlX6yLPxkyyQL_cyFKB_SUKKBkl1r%2DtJZidP%2DesqAGDg\/viewform\">HAZLO AHORA<\/a><\/strong>.<\/p>\n\n\n\n<p style=\"margin-top:var(--wp--preset--spacing--40);margin-bottom:0\">\u00a1Te esperamos en la Facultad de Educaci\u00f3n, UPR-RP!<\/p>\n","protected":false},"excerpt":{"rendered":"<p>El Centro de Investigaciones Educativas y la Facultad de Educaci\u00f3n les invitan al Primer Simposio de Accesibilidad e Inclusi\u00f3n en [&hellip;]<\/p>\n","protected":false},"author":1006,"featured_media":0,"parent":0,"menu_order":0,"comment_status":"closed","ping_status":"closed","template":"","meta":{"_gspb_post_css":"","site-sidebar-layout":"default","site-content-layout":"","ast-site-content-layout":"default","site-content-style":"default","site-sidebar-style":"default","ast-global-header-display":"","ast-banner-title-visibility":"","ast-main-header-display":"","ast-hfb-above-header-display":"","ast-hfb-below-header-display":"","ast-hfb-mobile-header-display":"","site-post-title":"","ast-breadcrumbs-content":"","ast-featured-img":"","footer-sml-layout":"","ast-disable-related-posts":"","theme-transparent-header-meta":"default","adv-header-id-meta":"","stick-header-meta":"","header-above-stick-meta":"","header-main-stick-meta":"","header-below-stick-meta":"","astra-migrate-meta-layouts":"set","ast-page-background-enabled":"default","ast-page-background-meta":{"desktop":{"background-color":"var(--ast-global-color-5)","background-image":"","background-repeat":"repeat","background-position":"center center","background-size":"auto","background-attachment":"scroll","background-type":"","background-media":"","overlay-type":"","overlay-color":"","overlay-opacity":"","overlay-gradient":""},"tablet":{"background-color":"","background-image":"","background-repeat":"repeat","background-position":"center center","background-size":"auto","background-attachment":"scroll","background-type":"","background-media":"","overlay-type":"","overlay-color":"","overlay-opacity":"","overlay-gradient":""},"mobile":{"background-color":"","background-image":"","background-repeat":"repeat","background-position":"center center","background-size":"auto","background-attachment":"scroll","background-type":"","background-media":"","overlay-type":"","overlay-color":"","overlay-opacity":"","overlay-gradient":""}},"ast-content-background-meta":{"desktop":{"background-color":"var(--ast-global-color-4)","background-image":"","background-repeat":"repeat","background-position":"center center","background-size":"auto","background-attachment":"scroll","background-type":"","background-media":"","overlay-type":"","overlay-color":"","overlay-opacity":"","overlay-gradient":""},"tablet":{"background-color":"var(--ast-global-color-4)","background-image":"","background-repeat":"repeat","background-position":"center center","background-size":"auto","background-attachment":"scroll","background-type":"","background-media":"","overlay-type":"","overlay-color":"","overlay-opacity":"","overlay-gradient":""},"mobile":{"background-color":"var(--ast-global-color-4)","background-image":"","background-repeat":"repeat","background-position":"center center","background-size":"auto","background-attachment":"scroll","background-type":"","background-media":"","overlay-type":"","overlay-color":"","overlay-opacity":"","overlay-gradient":""}},"footnotes":""},"class_list":["post-7","page","type-page","status-publish","hentry"],"yoast_head":"<!-- This site is optimized with the Yoast SEO plugin v27.3 - https:\/\/yoast.com\/product\/yoast-seo-wordpress\/ -->\n<title>Primer Simposio de Accesibilidad e Inclusi\u00f3n en el Manejo de Emergencias y Desastres Naturales - Simposio de Accesibilidad e Inclusi\u00f3n<\/title>\n<meta name=\"robots\" content=\"index, follow, max-snippet:-1, max-image-preview:large, max-video-preview:-1\" \/>\n<link rel=\"canonical\" href=\"https:\/\/cie.uprrp.edu\/simposioaccesibilidad\/\" \/>\n<meta property=\"og:locale\" content=\"en_US\" \/>\n<meta property=\"og:type\" content=\"article\" \/>\n<meta property=\"og:title\" content=\"Primer Simposio de Accesibilidad e Inclusi\u00f3n en el Manejo de Emergencias y Desastres Naturales - Simposio de Accesibilidad e Inclusi\u00f3n\" \/>\n<meta property=\"og:description\" content=\"El Centro de Investigaciones Educativas y la Facultad de Educaci\u00f3n les invitan al Primer Simposio de Accesibilidad e Inclusi\u00f3n en [&hellip;]\" \/>\n<meta property=\"og:url\" content=\"https:\/\/cie.uprrp.edu\/simposioaccesibilidad\/\" \/>\n<meta property=\"og:site_name\" content=\"Simposio de Accesibilidad e Inclusi\u00f3n\" \/>\n<meta property=\"article:modified_time\" content=\"2026-03-19T21:17:03+00:00\" \/>\n<meta name=\"twitter:card\" content=\"summary_large_image\" \/>\n<meta name=\"twitter:label1\" content=\"Est. reading time\" \/>\n\t<meta name=\"twitter:data1\" content=\"1 minute\" \/>\n<script type=\"application\/ld+json\" class=\"yoast-schema-graph\">{\"@context\":\"https:\\\/\\\/schema.org\",\"@graph\":[{\"@type\":\"WebPage\",\"@id\":\"https:\\\/\\\/cie.uprrp.edu\\\/simposioaccesibilidad\\\/\",\"url\":\"https:\\\/\\\/cie.uprrp.edu\\\/simposioaccesibilidad\\\/\",\"name\":\"Primer Simposio de Accesibilidad e Inclusi\u00f3n en el Manejo de Emergencias y Desastres Naturales - Simposio de Accesibilidad e Inclusi\u00f3n\",\"isPartOf\":{\"@id\":\"https:\\\/\\\/cie.uprrp.edu\\\/simposioaccesibilidad\\\/#website\"},\"datePublished\":\"2026-03-19T19:46:45+00:00\",\"dateModified\":\"2026-03-19T21:17:03+00:00\",\"breadcrumb\":{\"@id\":\"https:\\\/\\\/cie.uprrp.edu\\\/simposioaccesibilidad\\\/#breadcrumb\"},\"inLanguage\":\"en-US\",\"potentialAction\":[{\"@type\":\"ReadAction\",\"target\":[\"https:\\\/\\\/cie.uprrp.edu\\\/simposioaccesibilidad\\\/\"]}]},{\"@type\":\"BreadcrumbList\",\"@id\":\"https:\\\/\\\/cie.uprrp.edu\\\/simposioaccesibilidad\\\/#breadcrumb\",\"itemListElement\":[{\"@type\":\"ListItem\",\"position\":1,\"name\":\"Home\",\"item\":\"https:\\\/\\\/cie.uprrp.edu\\\/simposioaccesibilidad\\\/\"},{\"@type\":\"ListItem\",\"position\":2,\"name\":\"Primer Simposio de Accesibilidad e Inclusi\u00f3n en el Manejo de Emergencias y Desastres Naturales\"}]},{\"@type\":\"WebSite\",\"@id\":\"https:\\\/\\\/cie.uprrp.edu\\\/simposioaccesibilidad\\\/#website\",\"url\":\"https:\\\/\\\/cie.uprrp.edu\\\/simposioaccesibilidad\\\/\",\"name\":\"Simposio de Accesibilidad e Inclusi\u00f3n\",\"description\":\"\",\"potentialAction\":[{\"@type\":\"SearchAction\",\"target\":{\"@type\":\"EntryPoint\",\"urlTemplate\":\"https:\\\/\\\/cie.uprrp.edu\\\/simposioaccesibilidad\\\/?s={search_term_string}\"},\"query-input\":{\"@type\":\"PropertyValueSpecification\",\"valueRequired\":true,\"valueName\":\"search_term_string\"}}],\"inLanguage\":\"en-US\"}]}<\/script>\n<!-- \/ Yoast SEO plugin. -->","yoast_head_json":{"title":"Primer Simposio de Accesibilidad e Inclusi\u00f3n en el Manejo de Emergencias y Desastres Naturales - Simposio de Accesibilidad e Inclusi\u00f3n","robots":{"index":"index","follow":"follow","max-snippet":"max-snippet:-1","max-image-preview":"max-image-preview:large","max-video-preview":"max-video-preview:-1"},"canonical":"https:\/\/cie.uprrp.edu\/simposioaccesibilidad\/","og_locale":"en_US","og_type":"article","og_title":"Primer Simposio de Accesibilidad e Inclusi\u00f3n en el Manejo de Emergencias y Desastres Naturales - Simposio de Accesibilidad e Inclusi\u00f3n","og_description":"El Centro de Investigaciones Educativas y la Facultad de Educaci\u00f3n les invitan al Primer Simposio de Accesibilidad e Inclusi\u00f3n en [&hellip;]","og_url":"https:\/\/cie.uprrp.edu\/simposioaccesibilidad\/","og_site_name":"Simposio de Accesibilidad e Inclusi\u00f3n","article_modified_time":"2026-03-19T21:17:03+00:00","twitter_card":"summary_large_image","twitter_misc":{"Est. reading time":"1 minute"},"schema":{"@context":"https:\/\/schema.org","@graph":[{"@type":"WebPage","@id":"https:\/\/cie.uprrp.edu\/simposioaccesibilidad\/","url":"https:\/\/cie.uprrp.edu\/simposioaccesibilidad\/","name":"Primer Simposio de Accesibilidad e Inclusi\u00f3n en el Manejo de Emergencias y Desastres Naturales - Simposio de Accesibilidad e Inclusi\u00f3n","isPartOf":{"@id":"https:\/\/cie.uprrp.edu\/simposioaccesibilidad\/#website"},"datePublished":"2026-03-19T19:46:45+00:00","dateModified":"2026-03-19T21:17:03+00:00","breadcrumb":{"@id":"https:\/\/cie.uprrp.edu\/simposioaccesibilidad\/#breadcrumb"},"inLanguage":"en-US","potentialAction":[{"@type":"ReadAction","target":["https:\/\/cie.uprrp.edu\/simposioaccesibilidad\/"]}]},{"@type":"BreadcrumbList","@id":"https:\/\/cie.uprrp.edu\/simposioaccesibilidad\/#breadcrumb","itemListElement":[{"@type":"ListItem","position":1,"name":"Home","item":"https:\/\/cie.uprrp.edu\/simposioaccesibilidad\/"},{"@type":"ListItem","position":2,"name":"Primer Simposio de Accesibilidad e Inclusi\u00f3n en el Manejo de Emergencias y Desastres Naturales"}]},{"@type":"WebSite","@id":"https:\/\/cie.uprrp.edu\/simposioaccesibilidad\/#website","url":"https:\/\/cie.uprrp.edu\/simposioaccesibilidad\/","name":"Simposio de Accesibilidad e Inclusi\u00f3n","description":"","potentialAction":[{"@type":"SearchAction","target":{"@type":"EntryPoint","urlTemplate":"https:\/\/cie.uprrp.edu\/simposioaccesibilidad\/?s={search_term_string}"},"query-input":{"@type":"PropertyValueSpecification","valueRequired":true,"valueName":"search_term_string"}}],"inLanguage":"en-US"}]}},"_links":{"self":[{"href":"https:\/\/cie.uprrp.edu\/simposioaccesibilidad\/wp-json\/wp\/v2\/pages\/7","targetHints":{"allow":["GET"]}}],"collection":[{"href":"https:\/\/cie.uprrp.edu\/simposioaccesibilidad\/wp-json\/wp\/v2\/pages"}],"about":[{"href":"https:\/\/cie.uprrp.edu\/simposioaccesibilidad\/wp-json\/wp\/v2\/types\/page"}],"author":[{"embeddable":true,"href":"https:\/\/cie.uprrp.edu\/simposioaccesibilidad\/wp-json\/wp\/v2\/users\/1006"}],"replies":[{"embeddable":true,"href":"https:\/\/cie.uprrp.edu\/simposioaccesibilidad\/wp-json\/wp\/v2\/comments?post=7"}],"version-history":[{"count":9,"href":"https:\/\/cie.uprrp.edu\/simposioaccesibilidad\/wp-json\/wp\/v2\/pages\/7\/revisions"}],"predecessor-version":[{"id":39,"href":"https:\/\/cie.uprrp.edu\/simposioaccesibilidad\/wp-json\/wp\/v2\/pages\/7\/revisions\/39"}],"wp:attachment":[{"href":"https:\/\/cie.uprrp.edu\/simposioaccesibilidad\/wp-json\/wp\/v2\/media?parent=7"}],"curies":[{"name":"wp","href":"https:\/\/api.w.org\/{rel}","templated":true}]}}